{"id":64,"date":"2019-06-17T11:36:45","date_gmt":"2019-06-17T11:36:45","guid":{"rendered":"https:\/\/seifen-oper.ch\/?product=haar-und-kopfhautol"},"modified":"2021-03-04T00:50:26","modified_gmt":"2021-03-03T23:50:26","slug":"haar-und-kopfhautol","status":"publish","type":"product","link":"https:\/\/seifen-oper.ch\/?product=haar-und-kopfhautol","title":{"rendered":"Haar- und Kopfhaut\u00f6l"},"content":{"rendered":"<p style=\"text-align: center;\"><span style=\"color: #888888;\">Geeignet f\u00fcr alle Haartypen. Mit rein biologischen Inhaltsstoffen und Kr\u00e4utern. Ohne Konservierungsstoffe. Unser Haar\u00f6l reinigt die Kopfhaut und gibt den Haaren fehlende N\u00e4hrstoffe zur\u00fcck. Es beugt Schuppenbildung vor und reguliert die Fettbildung. Es macht die Kopfhaut geschmeidig, gibt den Haaren ihren nat\u00fcrlichen Glanz zur\u00fcck und macht br\u00fcchiges, spr\u00f6des und angegriffenes Haar wieder sch\u00f6n. Rein biologische Inhaltsstoffe und Kr\u00e4uter pflegen und kr\u00e4ftigen Haare und Kopfhaut, normalisieren den Fett- und Wasserhaushalt der Haut, machen sie wieder geschmeidig und geben ihr die verlorene Feuchtigkeit zur\u00fcck. Wir legen alle handgepfl\u00fcckten Kr\u00e4uter aus unserem manufaktureigenen Garten in bestes \u00a0\u00d6l ein uns lassen diese die Wirkstoffe der getrockneten Kr\u00e4uter 4-6 Wochen aufnehmen bevor wir \u00a0es abseien und das fertige \u00d6l anmischen. Es besteht aus Mazerat von Thymian, Salbei, Pefferminz, Rosmarin- und Lavendel. Thymian bringt die Kopfhaut ins Gleichgewicht und hilft gegen Schuppen. Salbei wirkt durchblutungsf\u00f6rdernd und regt die Kopfhaut und das Haarwachstum an. Rosmarin reinigt und ist unschlagbar gegen fettendes Haar. Lavendel beruhigt und wirkt antiseptisch, z.b. bei kleinen Ausschl\u00e4gen und Ekzemen, und bringt die Kopfhaut wieder ins richtige Gleichgewicht. Pfefferminze erfrischt und kl\u00e4rt die Haut. Was auch dem Haarwachstum zutr\u00e4glich ist. Wir verarbeiten also nur die allerbesten Kr\u00e4uter und f\u00fcgen sie zu diesem wunderbaren \u00d6l zusammen. Die Basis ist eine Mischung aus folgenden \u00d6len, in welche wir die Kr\u00e4uter einlegen: Distel\u00f6l, ein leichtes, sehr hautpflegendes \u00d6l, das schnell einzieht, Soja\u00f6l, besonders geeignet bei gereizter, irritierter Haut, Sonnenblumen\u00f6l enth\u00e4lt viel Vitamin E, sowie A,C und D und sch\u00fctzt die Haut vor Umwelteinfl\u00fcssen. <\/span><\/p>\n<p style=\"text-align: center;\"><span style=\"color: #888888;\">Anwendung: 1-2 Mal die Woche bei trockener Kopfhaut und Schuppen anwenden. Am besten am Abend die Haare mit einem nassen Kamm anfeuchten und dann Haar- und Kopfhaut\u00f6l auf die Kopfhaut auftragen &#8211; bei trockenen Haaren auch in die Haarspitzen einreiben. \u00dcber Nacht einwirken lassen, am n\u00e4chsten Morgen auswaschen. Oder, vor der Haarw\u00e4sche 20 Minuten einwirken lassen. Tip: chemische haarf\u00e4rbe Produkte reizen Ihre Kopfhaut? Massieren Sie das \u00d6l in die Kopfhaut ein, bevor Sie die Haarfarbe auftragen. Dies sch\u00fctzt die empfindliche Kopfhaut. Die Farbe wird vom Haar trotzdem gut angenommen.<\/span><\/p>\n<p>&nbsp;<\/p>\n<p style=\"text-align: center;\"><span style=\"color: #888888;\">Inhaltsstoffe: INCI: Olea Europaea (Oliven\u00f6l) &amp;\u00a0Brassica campestris seed oil\u00a0(Raps\u00f6l)\u00a0Auszug aus:\u00a0Lavandula (Lavendel), Thymus vulgaris (Thymian), Mentha arvensis (Gartenminze), Salviae (Salbei)<\/span><\/p>\n<p style=\"text-align: center;\"><span style=\"color: #888888;\">100ml \/ sfr. 25.-<\/span><\/p>\n","protected":false},"excerpt":{"rendered":"<p>Aus besten \u00d6len und Kr\u00e4utern<\/p>\n","protected":false},"featured_media":1780,"template":"","meta":[],"product_brand":[],"product_cat":[19],"product_tag":[],"class_list":{"0":"post-64","1":"product","2":"type-product","3":"status-publish","4":"has-post-thumbnail","6":"product_cat-haare","8":"first","9":"instock","10":"shipping-taxable","11":"purchasable","12":"product-type-simple"},"yoast_head":"<!-- This site is optimized with the Yoast SEO plugin v25.6 - https:\/\/yoast.com\/wordpress\/plugins\/seo\/ -->\n<title>Haar- und Kopfhaut\u00f6l - Seifen Oper GmbH<\/title>\n<meta name=\"robots\" content=\"index, follow, max-snippet:-1, max-image-preview:large, max-video-preview:-1\" \/>\n<link rel=\"canonical\" href=\"https:\/\/seifen-oper.ch\/?product=haar-und-kopfhautol\" \/>\n<meta property=\"og:locale\" content=\"de_DE\" \/>\n<meta property=\"og:type\" content=\"article\" \/>\n<meta property=\"og:title\" content=\"Haar- und Kopfhaut\u00f6l - Seifen Oper GmbH\" \/>\n<meta property=\"og:description\" content=\"Aus besten \u00d6len und Kr\u00e4utern\" \/>\n<meta property=\"og:url\" content=\"https:\/\/seifen-oper.ch\/?product=haar-und-kopfhautol\" \/>\n<meta property=\"og:site_name\" content=\"Seifen Oper GmbH\" \/>\n<meta property=\"article:publisher\" content=\"https:\/\/www.facebook.com\/SeifenOperGmbH\" \/>\n<meta property=\"article:modified_time\" content=\"2021-03-03T23:50:26+00:00\" \/>\n<meta property=\"og:image\" content=\"https:\/\/seifen-oper.ch\/wp-content\/uploads\/2019\/06\/Haar\u00f6l-Foto.png\" \/>\n\t<meta property=\"og:image:width\" content=\"871\" \/>\n\t<meta property=\"og:image:height\" content=\"1337\" \/>\n\t<meta property=\"og:image:type\" content=\"image\/png\" \/>\n<meta name=\"twitter:card\" content=\"summary_large_image\" \/>\n<meta name=\"twitter:label1\" content=\"Gesch\u00e4tzte Lesezeit\" \/>\n\t<meta name=\"twitter:data1\" content=\"2 Minuten\" \/>\n<script type=\"application\/ld+json\" class=\"yoast-schema-graph\">{\"@context\":\"https:\/\/schema.org\",\"@graph\":[{\"@type\":\"WebPage\",\"@id\":\"https:\/\/seifen-oper.ch\/?product=haar-und-kopfhautol\",\"url\":\"https:\/\/seifen-oper.ch\/?product=haar-und-kopfhautol\",\"name\":\"Haar- und Kopfhaut\u00f6l - Seifen Oper GmbH\",\"isPartOf\":{\"@id\":\"https:\/\/seifen-oper.ch\/#website\"},\"primaryImageOfPage\":{\"@id\":\"https:\/\/seifen-oper.ch\/?product=haar-und-kopfhautol#primaryimage\"},\"image\":{\"@id\":\"https:\/\/seifen-oper.ch\/?product=haar-und-kopfhautol#primaryimage\"},\"thumbnailUrl\":\"https:\/\/seifen-oper.ch\/wp-content\/uploads\/2019\/06\/Haar\u00f6l-Foto.png\",\"datePublished\":\"2019-06-17T11:36:45+00:00\",\"dateModified\":\"2021-03-03T23:50:26+00:00\",\"breadcrumb\":{\"@id\":\"https:\/\/seifen-oper.ch\/?product=haar-und-kopfhautol#breadcrumb\"},\"inLanguage\":\"de-CH\",\"potentialAction\":[{\"@type\":\"ReadAction\",\"target\":[\"https:\/\/seifen-oper.ch\/?product=haar-und-kopfhautol\"]}]},{\"@type\":\"ImageObject\",\"inLanguage\":\"de-CH\",\"@id\":\"https:\/\/seifen-oper.ch\/?product=haar-und-kopfhautol#primaryimage\",\"url\":\"https:\/\/seifen-oper.ch\/wp-content\/uploads\/2019\/06\/Haar\u00f6l-Foto.png\",\"contentUrl\":\"https:\/\/seifen-oper.ch\/wp-content\/uploads\/2019\/06\/Haar\u00f6l-Foto.png\",\"width\":871,\"height\":1337},{\"@type\":\"BreadcrumbList\",\"@id\":\"https:\/\/seifen-oper.ch\/?product=haar-und-kopfhautol#breadcrumb\",\"itemListElement\":[{\"@type\":\"ListItem\",\"position\":1,\"name\":\"Home\",\"item\":\"https:\/\/seifen-oper.ch\/\"},{\"@type\":\"ListItem\",\"position\":2,\"name\":\"Shop\",\"item\":\"https:\/\/seifen-oper.ch\/?page_id=12\"},{\"@type\":\"ListItem\",\"position\":3,\"name\":\"Haar- und Kopfhaut\u00f6l\"}]},{\"@type\":\"WebSite\",\"@id\":\"https:\/\/seifen-oper.ch\/#website\",\"url\":\"https:\/\/seifen-oper.ch\/\",\"name\":\"Seifen Oper GmbH\",\"description\":\"Kosmetik bester Qualit\u00e4t. Handgefertigt.\",\"publisher\":{\"@id\":\"https:\/\/seifen-oper.ch\/#organization\"},\"potentialAction\":[{\"@type\":\"SearchAction\",\"target\":{\"@type\":\"EntryPoint\",\"urlTemplate\":\"https:\/\/seifen-oper.ch\/?s={search_term_string}\"},\"query-input\":{\"@type\":\"PropertyValueSpecification\",\"valueRequired\":true,\"valueName\":\"search_term_string\"}}],\"inLanguage\":\"de-CH\"},{\"@type\":\"Organization\",\"@id\":\"https:\/\/seifen-oper.ch\/#organization\",\"name\":\"Seifen Oper GmbH\",\"url\":\"https:\/\/seifen-oper.ch\/\",\"logo\":{\"@type\":\"ImageObject\",\"inLanguage\":\"de-CH\",\"@id\":\"https:\/\/seifen-oper.ch\/#\/schema\/logo\/image\/\",\"url\":\"https:\/\/seifen-oper.ch\/wp-content\/uploads\/2019\/06\/logo.seifen-oper450.txt.1.png\",\"contentUrl\":\"https:\/\/seifen-oper.ch\/wp-content\/uploads\/2019\/06\/logo.seifen-oper450.txt.1.png\",\"width\":1835,\"height\":1635,\"caption\":\"Seifen Oper GmbH\"},\"image\":{\"@id\":\"https:\/\/seifen-oper.ch\/#\/schema\/logo\/image\/\"},\"sameAs\":[\"https:\/\/www.facebook.com\/SeifenOperGmbH\",\"https:\/\/www.instagram.com\/explore\/locations\/1028758197\/seifen-oper\/\"]}]}<\/script>\n<!-- \/ Yoast SEO plugin. -->","yoast_head_json":{"title":"Haar- und Kopfhaut\u00f6l - Seifen Oper GmbH","robots":{"index":"index","follow":"follow","max-snippet":"max-snippet:-1","max-image-preview":"max-image-preview:large","max-video-preview":"max-video-preview:-1"},"canonical":"https:\/\/seifen-oper.ch\/?product=haar-und-kopfhautol","og_locale":"de_DE","og_type":"article","og_title":"Haar- und Kopfhaut\u00f6l - Seifen Oper GmbH","og_description":"Aus besten \u00d6len und Kr\u00e4utern","og_url":"https:\/\/seifen-oper.ch\/?product=haar-und-kopfhautol","og_site_name":"Seifen Oper GmbH","article_publisher":"https:\/\/www.facebook.com\/SeifenOperGmbH","article_modified_time":"2021-03-03T23:50:26+00:00","og_image":[{"width":871,"height":1337,"url":"https:\/\/seifen-oper.ch\/wp-content\/uploads\/2019\/06\/Haar\u00f6l-Foto.png","type":"image\/png"}],"twitter_card":"summary_large_image","twitter_misc":{"Gesch\u00e4tzte Lesezeit":"2 Minuten"},"schema":{"@context":"https:\/\/schema.org","@graph":[{"@type":"WebPage","@id":"https:\/\/seifen-oper.ch\/?product=haar-und-kopfhautol","url":"https:\/\/seifen-oper.ch\/?product=haar-und-kopfhautol","name":"Haar- und Kopfhaut\u00f6l - Seifen Oper GmbH","isPartOf":{"@id":"https:\/\/seifen-oper.ch\/#website"},"primaryImageOfPage":{"@id":"https:\/\/seifen-oper.ch\/?product=haar-und-kopfhautol#primaryimage"},"image":{"@id":"https:\/\/seifen-oper.ch\/?product=haar-und-kopfhautol#primaryimage"},"thumbnailUrl":"https:\/\/seifen-oper.ch\/wp-content\/uploads\/2019\/06\/Haar\u00f6l-Foto.png","datePublished":"2019-06-17T11:36:45+00:00","dateModified":"2021-03-03T23:50:26+00:00","breadcrumb":{"@id":"https:\/\/seifen-oper.ch\/?product=haar-und-kopfhautol#breadcrumb"},"inLanguage":"de-CH","potentialAction":[{"@type":"ReadAction","target":["https:\/\/seifen-oper.ch\/?product=haar-und-kopfhautol"]}]},{"@type":"ImageObject","inLanguage":"de-CH","@id":"https:\/\/seifen-oper.ch\/?product=haar-und-kopfhautol#primaryimage","url":"https:\/\/seifen-oper.ch\/wp-content\/uploads\/2019\/06\/Haar\u00f6l-Foto.png","contentUrl":"https:\/\/seifen-oper.ch\/wp-content\/uploads\/2019\/06\/Haar\u00f6l-Foto.png","width":871,"height":1337},{"@type":"BreadcrumbList","@id":"https:\/\/seifen-oper.ch\/?product=haar-und-kopfhautol#breadcrumb","itemListElement":[{"@type":"ListItem","position":1,"name":"Home","item":"https:\/\/seifen-oper.ch\/"},{"@type":"ListItem","position":2,"name":"Shop","item":"https:\/\/seifen-oper.ch\/?page_id=12"},{"@type":"ListItem","position":3,"name":"Haar- und Kopfhaut\u00f6l"}]},{"@type":"WebSite","@id":"https:\/\/seifen-oper.ch\/#website","url":"https:\/\/seifen-oper.ch\/","name":"Seifen Oper GmbH","description":"Kosmetik bester Qualit\u00e4t. Handgefertigt.","publisher":{"@id":"https:\/\/seifen-oper.ch\/#organization"},"potentialAction":[{"@type":"SearchAction","target":{"@type":"EntryPoint","urlTemplate":"https:\/\/seifen-oper.ch\/?s={search_term_string}"},"query-input":{"@type":"PropertyValueSpecification","valueRequired":true,"valueName":"search_term_string"}}],"inLanguage":"de-CH"},{"@type":"Organization","@id":"https:\/\/seifen-oper.ch\/#organization","name":"Seifen Oper GmbH","url":"https:\/\/seifen-oper.ch\/","logo":{"@type":"ImageObject","inLanguage":"de-CH","@id":"https:\/\/seifen-oper.ch\/#\/schema\/logo\/image\/","url":"https:\/\/seifen-oper.ch\/wp-content\/uploads\/2019\/06\/logo.seifen-oper450.txt.1.png","contentUrl":"https:\/\/seifen-oper.ch\/wp-content\/uploads\/2019\/06\/logo.seifen-oper450.txt.1.png","width":1835,"height":1635,"caption":"Seifen Oper GmbH"},"image":{"@id":"https:\/\/seifen-oper.ch\/#\/schema\/logo\/image\/"},"sameAs":["https:\/\/www.facebook.com\/SeifenOperGmbH","https:\/\/www.instagram.com\/explore\/locations\/1028758197\/seifen-oper\/"]}]}},"_links":{"self":[{"href":"https:\/\/seifen-oper.ch\/index.php?rest_route=\/wp\/v2\/product\/64"}],"collection":[{"href":"https:\/\/seifen-oper.ch\/index.php?rest_route=\/wp\/v2\/product"}],"about":[{"href":"https:\/\/seifen-oper.ch\/index.php?rest_route=\/wp\/v2\/types\/product"}],"wp:featuredmedia":[{"embeddable":true,"href":"https:\/\/seifen-oper.ch\/index.php?rest_route=\/wp\/v2\/media\/1780"}],"wp:attachment":[{"href":"https:\/\/seifen-oper.ch\/index.php?rest_route=%2Fwp%2Fv2%2Fmedia&parent=64"}],"wp:term":[{"taxonomy":"product_brand","embeddable":true,"href":"https:\/\/seifen-oper.ch\/index.php?rest_route=%2Fwp%2Fv2%2Fproduct_brand&post=64"},{"taxonomy":"product_cat","embeddable":true,"href":"https:\/\/seifen-oper.ch\/index.php?rest_route=%2Fwp%2Fv2%2Fproduct_cat&post=64"},{"taxonomy":"product_tag","embeddable":true,"href":"https:\/\/seifen-oper.ch\/index.php?rest_route=%2Fwp%2Fv2%2Fproduct_tag&post=64"}],"curies":[{"name":"wp","href":"https:\/\/api.w.org\/{rel}","templated":true}]}}