{"id":504,"date":"2019-06-17T11:37:23","date_gmt":"2019-06-17T09:37:23","guid":{"rendered":"https:\/\/seifen-oper.ch\/?product=meine-individuelle-korpercreme"},"modified":"2025-07-12T21:41:22","modified_gmt":"2025-07-12T19:41:22","slug":"meine-individuelle-korpercreme","status":"publish","type":"product","link":"https:\/\/seifen-oper.ch\/?product=meine-individuelle-korpercreme","title":{"rendered":"&#171;individuelle K\u00f6rpercreme&#187;-w\u00e4hlen Sie Ihren Duft"},"content":{"rendered":"<p style=\"text-align: center;\">Stellen Sie Ihre individuelle K\u00f6rpercreme mit Ihrem pers\u00f6nlichen Lieblingsduft selber zusammen. Sie w\u00e4hlen den Duft, und die Creme wird frisch f\u00fcr Sie anger\u00fchrt. Das garantiert Ihnen, eine Frische, die Sie nirgendwo sonst bekommen. Heute von Ihnen ausgesucht, morgen frisch angefertigt. W\u00e4hlen Sie zwischen all unseren D\u00fcften. Sie k\u00f6nnen auch mehrere D\u00fcfte kombinieren. Schreiben Sie uns einfach in die Mitteilungszeile, bei der Bestellung (oder separat auf info@seifen-oper.ch) welche(n) Duft \/ Duftkombi Sie sich w\u00fcnschen.<span class=\"Apple-converted-space\">\u00a0<\/span><\/p>\n<p style=\"text-align: center;\">Unsere D\u00fcfte:<\/p>\n<p style=\"text-align: center;\">Rhabarber-Pfingstrosen,<\/p>\n<p style=\"text-align: center;\">Kaschmir,<\/p>\n<p style=\"text-align: center;\">Love,<\/p>\n<p style=\"text-align: center;\">Blutorange,<\/p>\n<p style=\"text-align: center;\">Aloe Vera,<\/p>\n<p style=\"text-align: center;\">Geranium,<\/p>\n<p style=\"text-align: center;\">Tequila Sunrise,<\/p>\n<p style=\"text-align: center;\">Pfirsich<\/p>\n<p style=\"text-align: center;\">Aprikosen,<\/p>\n<p style=\"text-align: center;\">Grapefruit,<\/p>\n<p style=\"text-align: center;\">Birne,<\/p>\n<p style=\"text-align: center;\">Minze,<span class=\"Apple-converted-space\">\u00a0<\/span><\/p>\n<p style=\"text-align: center;\">Eukalyptus,<span class=\"Apple-converted-space\">\u00a0<\/span><\/p>\n<p style=\"text-align: center;\">Blaubeeren,<span class=\"Apple-converted-space\">\u00a0<\/span><\/p>\n<p style=\"text-align: center;\">Bergamotte,<span class=\"Apple-converted-space\">\u00a0<\/span><\/p>\n<p style=\"text-align: center;\">Cologne,<span class=\"Apple-converted-space\">\u00a0<\/span><\/p>\n<p style=\"text-align: center;\">Himbeere,<span class=\"Apple-converted-space\">\u00a0<\/span><\/p>\n<p style=\"text-align: center;\">Limone,<span class=\"Apple-converted-space\">\u00a0<\/span><\/p>\n<p style=\"text-align: center;\">Salbei,<span class=\"Apple-converted-space\">\u00a0<\/span><\/p>\n<p style=\"text-align: center;\">Ingwer-Souffl\u00e9,<span class=\"Apple-converted-space\">\u00a0<\/span><\/p>\n<p style=\"text-align: center;\">Rosen,<\/p>\n<p style=\"text-align: center;\">Kokos,<span class=\"Apple-converted-space\">\u00a0<\/span><\/p>\n<p style=\"text-align: center;\">Vanille,<span class=\"Apple-converted-space\">\u00a0<\/span><\/p>\n<p style=\"text-align: center;\">Jasmin,<span class=\"Apple-converted-space\">\u00a0<\/span><\/p>\n<p style=\"text-align: center;\">Mandarinli,<span class=\"Apple-converted-space\">\u00a0<\/span><\/p>\n<p style=\"text-align: center;\">Kirschbl\u00fcte,<span class=\"Apple-converted-space\">\u00a0<\/span><\/p>\n<p style=\"text-align: center;\">Mango,<span class=\"Apple-converted-space\">\u00a0<\/span><\/p>\n<p style=\"text-align: center;\">Maigl\u00f6ckchen,<span class=\"Apple-converted-space\">\u00a0<\/span><\/p>\n<p style=\"text-align: center;\">Erdbeeren,<span class=\"Apple-converted-space\">\u00a0<\/span><\/p>\n<p style=\"text-align: center;\">R\u00e4ucherst\u00e4bli,<span class=\"Apple-converted-space\">\u00a0<\/span><\/p>\n<p style=\"text-align: center;\">Reisbl\u00fcte,<span class=\"Apple-converted-space\">\u00a0<\/span><\/p>\n<p style=\"text-align: center;\">Melone,<span class=\"Apple-converted-space\">\u00a0<\/span><\/p>\n<p style=\"text-align: center;\">Oui Monsieur,<span class=\"Apple-converted-space\">\u00a0<\/span><\/p>\n<p style=\"text-align: center;\">Glaube-Liebe-Hoffnung,<span class=\"Apple-converted-space\">\u00a0<\/span><\/p>\n<p style=\"text-align: center;\">Toffee,<span class=\"Apple-converted-space\">\u00a0<\/span><\/p>\n<p style=\"text-align: center;\">Veilchen,<span class=\"Apple-converted-space\">\u00a0<\/span><\/p>\n<p style=\"text-align: center;\">Patchouli,<span class=\"Apple-converted-space\">\u00a0<\/span><\/p>\n<p style=\"text-align: center;\">Sandelholz,<span class=\"Apple-converted-space\">\u00a0<\/span><\/p>\n<p style=\"text-align: center;\">Lavendel,<span class=\"Apple-converted-space\">\u00a0<\/span><\/p>\n<p style=\"text-align: center;\">Tannennadel,<span class=\"Apple-converted-space\">\u00a0<\/span><\/p>\n<p style=\"text-align: center;\">Frische W\u00e4sche<\/p>\n<p style=\"text-align: center;\">250 ml K\u00f6rpercreme \/ Sfr. 35.-<\/p>\n<p style=\"text-align: center;\">Inhaltssoffe: INCI: Aqua (Wasser),\u00a0Glycine soja (Soja\u00f6l),\u00a0Brassica campestris seed oil\u00a0(Raps\u00f6l),\u00a0Cocos nucifera (kokos\u00f6l),\u00a0Persea Gratissima\u00a0(Avocado\u00f6l),\u00a0Sodium Cetearyl Sulfate (Emulgator), ggf.\u00a0Parf\u00fcm\u00f6l \/ \u00e4th. \u00d6l<\/p>\n<p>&nbsp;<\/p>\n","protected":false},"excerpt":{"rendered":"<p>Stellen Sie Ihre individuelle K\u00f6rpercreme mit Ihrem pers\u00f6nlichen Lieblingsduft selber zusammen.<\/p>\n","protected":false},"featured_media":4329,"template":"","meta":[],"product_brand":[],"product_cat":[580,27],"product_tag":[254,60,251,250,55,81,249,252],"class_list":{"0":"post-504","1":"product","2":"type-product","3":"status-publish","4":"has-post-thumbnail","6":"product_cat-individuell","7":"product_cat-korpercremes","8":"product_tag-avocoadool","9":"product_tag-handgefertigt","10":"product_tag-individuelle-korpercreme","11":"product_tag-individueller-duft","12":"product_tag-kokosbutter","13":"product_tag-korpercreme","14":"product_tag-ohne-konervierungsstoffe","15":"product_tag-wahlen-sie-selber","17":"first","18":"instock","19":"shipping-taxable","20":"purchasable","21":"product-type-simple"},"yoast_head":"<!-- This site is optimized with the Yoast SEO plugin v25.6 - https:\/\/yoast.com\/wordpress\/plugins\/seo\/ -->\n<title>&quot;individuelle K\u00f6rpercreme&quot;-w\u00e4hlen Sie Ihren Duft - Seifen Oper GmbH<\/title>\n<meta name=\"robots\" content=\"index, follow, max-snippet:-1, max-image-preview:large, max-video-preview:-1\" \/>\n<link rel=\"canonical\" href=\"https:\/\/seifen-oper.ch\/?product=meine-individuelle-korpercreme\" \/>\n<meta property=\"og:locale\" content=\"de_DE\" \/>\n<meta property=\"og:type\" content=\"article\" \/>\n<meta property=\"og:title\" content=\"&quot;individuelle K\u00f6rpercreme&quot;-w\u00e4hlen Sie Ihren Duft - Seifen Oper GmbH\" \/>\n<meta property=\"og:description\" content=\"Stellen Sie Ihre individuelle K\u00f6rpercreme mit Ihrem pers\u00f6nlichen Lieblingsduft selber zusammen.\" \/>\n<meta property=\"og:url\" content=\"https:\/\/seifen-oper.ch\/?product=meine-individuelle-korpercreme\" \/>\n<meta property=\"og:site_name\" content=\"Seifen Oper GmbH\" \/>\n<meta property=\"article:publisher\" content=\"https:\/\/www.facebook.com\/SeifenOperGmbH\" \/>\n<meta property=\"article:modified_time\" content=\"2025-07-12T19:41:22+00:00\" \/>\n<meta property=\"og:image\" content=\"https:\/\/seifen-oper.ch\/wp-content\/uploads\/2019\/06\/koerpercreme-individuell.jpg\" \/>\n\t<meta property=\"og:image:width\" content=\"2232\" \/>\n\t<meta property=\"og:image:height\" content=\"2334\" \/>\n\t<meta property=\"og:image:type\" content=\"image\/jpeg\" \/>\n<meta name=\"twitter:card\" content=\"summary_large_image\" \/>\n<meta name=\"twitter:label1\" content=\"Gesch\u00e4tzte Lesezeit\" \/>\n\t<meta name=\"twitter:data1\" content=\"2 Minuten\" \/>\n<script type=\"application\/ld+json\" class=\"yoast-schema-graph\">{\"@context\":\"https:\/\/schema.org\",\"@graph\":[{\"@type\":\"WebPage\",\"@id\":\"https:\/\/seifen-oper.ch\/?product=meine-individuelle-korpercreme\",\"url\":\"https:\/\/seifen-oper.ch\/?product=meine-individuelle-korpercreme\",\"name\":\"\\\"individuelle K\u00f6rpercreme\\\"-w\u00e4hlen Sie Ihren Duft - Seifen Oper GmbH\",\"isPartOf\":{\"@id\":\"https:\/\/seifen-oper.ch\/#website\"},\"primaryImageOfPage\":{\"@id\":\"https:\/\/seifen-oper.ch\/?product=meine-individuelle-korpercreme#primaryimage\"},\"image\":{\"@id\":\"https:\/\/seifen-oper.ch\/?product=meine-individuelle-korpercreme#primaryimage\"},\"thumbnailUrl\":\"https:\/\/seifen-oper.ch\/wp-content\/uploads\/2019\/06\/koerpercreme-individuell.jpg\",\"datePublished\":\"2019-06-17T09:37:23+00:00\",\"dateModified\":\"2025-07-12T19:41:22+00:00\",\"breadcrumb\":{\"@id\":\"https:\/\/seifen-oper.ch\/?product=meine-individuelle-korpercreme#breadcrumb\"},\"inLanguage\":\"de-CH\",\"potentialAction\":[{\"@type\":\"ReadAction\",\"target\":[\"https:\/\/seifen-oper.ch\/?product=meine-individuelle-korpercreme\"]}]},{\"@type\":\"ImageObject\",\"inLanguage\":\"de-CH\",\"@id\":\"https:\/\/seifen-oper.ch\/?product=meine-individuelle-korpercreme#primaryimage\",\"url\":\"https:\/\/seifen-oper.ch\/wp-content\/uploads\/2019\/06\/koerpercreme-individuell.jpg\",\"contentUrl\":\"https:\/\/seifen-oper.ch\/wp-content\/uploads\/2019\/06\/koerpercreme-individuell.jpg\",\"width\":2232,\"height\":2334},{\"@type\":\"BreadcrumbList\",\"@id\":\"https:\/\/seifen-oper.ch\/?product=meine-individuelle-korpercreme#breadcrumb\",\"itemListElement\":[{\"@type\":\"ListItem\",\"position\":1,\"name\":\"Home\",\"item\":\"https:\/\/seifen-oper.ch\/\"},{\"@type\":\"ListItem\",\"position\":2,\"name\":\"Shop\",\"item\":\"https:\/\/seifen-oper.ch\/?page_id=12\"},{\"@type\":\"ListItem\",\"position\":3,\"name\":\"&#171;individuelle K\u00f6rpercreme&#187;-w\u00e4hlen Sie Ihren Duft\"}]},{\"@type\":\"WebSite\",\"@id\":\"https:\/\/seifen-oper.ch\/#website\",\"url\":\"https:\/\/seifen-oper.ch\/\",\"name\":\"Seifen Oper GmbH\",\"description\":\"Kosmetik bester Qualit\u00e4t. Handgefertigt.\",\"publisher\":{\"@id\":\"https:\/\/seifen-oper.ch\/#organization\"},\"potentialAction\":[{\"@type\":\"SearchAction\",\"target\":{\"@type\":\"EntryPoint\",\"urlTemplate\":\"https:\/\/seifen-oper.ch\/?s={search_term_string}\"},\"query-input\":{\"@type\":\"PropertyValueSpecification\",\"valueRequired\":true,\"valueName\":\"search_term_string\"}}],\"inLanguage\":\"de-CH\"},{\"@type\":\"Organization\",\"@id\":\"https:\/\/seifen-oper.ch\/#organization\",\"name\":\"Seifen Oper GmbH\",\"url\":\"https:\/\/seifen-oper.ch\/\",\"logo\":{\"@type\":\"ImageObject\",\"inLanguage\":\"de-CH\",\"@id\":\"https:\/\/seifen-oper.ch\/#\/schema\/logo\/image\/\",\"url\":\"https:\/\/seifen-oper.ch\/wp-content\/uploads\/2019\/06\/logo.seifen-oper450.txt.1.png\",\"contentUrl\":\"https:\/\/seifen-oper.ch\/wp-content\/uploads\/2019\/06\/logo.seifen-oper450.txt.1.png\",\"width\":1835,\"height\":1635,\"caption\":\"Seifen Oper GmbH\"},\"image\":{\"@id\":\"https:\/\/seifen-oper.ch\/#\/schema\/logo\/image\/\"},\"sameAs\":[\"https:\/\/www.facebook.com\/SeifenOperGmbH\",\"https:\/\/www.instagram.com\/explore\/locations\/1028758197\/seifen-oper\/\"]}]}<\/script>\n<!-- \/ Yoast SEO plugin. -->","yoast_head_json":{"title":"\"individuelle K\u00f6rpercreme\"-w\u00e4hlen Sie Ihren Duft - Seifen Oper GmbH","robots":{"index":"index","follow":"follow","max-snippet":"max-snippet:-1","max-image-preview":"max-image-preview:large","max-video-preview":"max-video-preview:-1"},"canonical":"https:\/\/seifen-oper.ch\/?product=meine-individuelle-korpercreme","og_locale":"de_DE","og_type":"article","og_title":"\"individuelle K\u00f6rpercreme\"-w\u00e4hlen Sie Ihren Duft - Seifen Oper GmbH","og_description":"Stellen Sie Ihre individuelle K\u00f6rpercreme mit Ihrem pers\u00f6nlichen Lieblingsduft selber zusammen.","og_url":"https:\/\/seifen-oper.ch\/?product=meine-individuelle-korpercreme","og_site_name":"Seifen Oper GmbH","article_publisher":"https:\/\/www.facebook.com\/SeifenOperGmbH","article_modified_time":"2025-07-12T19:41:22+00:00","og_image":[{"width":2232,"height":2334,"url":"https:\/\/seifen-oper.ch\/wp-content\/uploads\/2019\/06\/koerpercreme-individuell.jpg","type":"image\/jpeg"}],"twitter_card":"summary_large_image","twitter_misc":{"Gesch\u00e4tzte Lesezeit":"2 Minuten"},"schema":{"@context":"https:\/\/schema.org","@graph":[{"@type":"WebPage","@id":"https:\/\/seifen-oper.ch\/?product=meine-individuelle-korpercreme","url":"https:\/\/seifen-oper.ch\/?product=meine-individuelle-korpercreme","name":"\"individuelle K\u00f6rpercreme\"-w\u00e4hlen Sie Ihren Duft - Seifen Oper GmbH","isPartOf":{"@id":"https:\/\/seifen-oper.ch\/#website"},"primaryImageOfPage":{"@id":"https:\/\/seifen-oper.ch\/?product=meine-individuelle-korpercreme#primaryimage"},"image":{"@id":"https:\/\/seifen-oper.ch\/?product=meine-individuelle-korpercreme#primaryimage"},"thumbnailUrl":"https:\/\/seifen-oper.ch\/wp-content\/uploads\/2019\/06\/koerpercreme-individuell.jpg","datePublished":"2019-06-17T09:37:23+00:00","dateModified":"2025-07-12T19:41:22+00:00","breadcrumb":{"@id":"https:\/\/seifen-oper.ch\/?product=meine-individuelle-korpercreme#breadcrumb"},"inLanguage":"de-CH","potentialAction":[{"@type":"ReadAction","target":["https:\/\/seifen-oper.ch\/?product=meine-individuelle-korpercreme"]}]},{"@type":"ImageObject","inLanguage":"de-CH","@id":"https:\/\/seifen-oper.ch\/?product=meine-individuelle-korpercreme#primaryimage","url":"https:\/\/seifen-oper.ch\/wp-content\/uploads\/2019\/06\/koerpercreme-individuell.jpg","contentUrl":"https:\/\/seifen-oper.ch\/wp-content\/uploads\/2019\/06\/koerpercreme-individuell.jpg","width":2232,"height":2334},{"@type":"BreadcrumbList","@id":"https:\/\/seifen-oper.ch\/?product=meine-individuelle-korpercreme#breadcrumb","itemListElement":[{"@type":"ListItem","position":1,"name":"Home","item":"https:\/\/seifen-oper.ch\/"},{"@type":"ListItem","position":2,"name":"Shop","item":"https:\/\/seifen-oper.ch\/?page_id=12"},{"@type":"ListItem","position":3,"name":"&#171;individuelle K\u00f6rpercreme&#187;-w\u00e4hlen Sie Ihren Duft"}]},{"@type":"WebSite","@id":"https:\/\/seifen-oper.ch\/#website","url":"https:\/\/seifen-oper.ch\/","name":"Seifen Oper GmbH","description":"Kosmetik bester Qualit\u00e4t. Handgefertigt.","publisher":{"@id":"https:\/\/seifen-oper.ch\/#organization"},"potentialAction":[{"@type":"SearchAction","target":{"@type":"EntryPoint","urlTemplate":"https:\/\/seifen-oper.ch\/?s={search_term_string}"},"query-input":{"@type":"PropertyValueSpecification","valueRequired":true,"valueName":"search_term_string"}}],"inLanguage":"de-CH"},{"@type":"Organization","@id":"https:\/\/seifen-oper.ch\/#organization","name":"Seifen Oper GmbH","url":"https:\/\/seifen-oper.ch\/","logo":{"@type":"ImageObject","inLanguage":"de-CH","@id":"https:\/\/seifen-oper.ch\/#\/schema\/logo\/image\/","url":"https:\/\/seifen-oper.ch\/wp-content\/uploads\/2019\/06\/logo.seifen-oper450.txt.1.png","contentUrl":"https:\/\/seifen-oper.ch\/wp-content\/uploads\/2019\/06\/logo.seifen-oper450.txt.1.png","width":1835,"height":1635,"caption":"Seifen Oper GmbH"},"image":{"@id":"https:\/\/seifen-oper.ch\/#\/schema\/logo\/image\/"},"sameAs":["https:\/\/www.facebook.com\/SeifenOperGmbH","https:\/\/www.instagram.com\/explore\/locations\/1028758197\/seifen-oper\/"]}]}},"_links":{"self":[{"href":"https:\/\/seifen-oper.ch\/index.php?rest_route=\/wp\/v2\/product\/504"}],"collection":[{"href":"https:\/\/seifen-oper.ch\/index.php?rest_route=\/wp\/v2\/product"}],"about":[{"href":"https:\/\/seifen-oper.ch\/index.php?rest_route=\/wp\/v2\/types\/product"}],"wp:featuredmedia":[{"embeddable":true,"href":"https:\/\/seifen-oper.ch\/index.php?rest_route=\/wp\/v2\/media\/4329"}],"wp:attachment":[{"href":"https:\/\/seifen-oper.ch\/index.php?rest_route=%2Fwp%2Fv2%2Fmedia&parent=504"}],"wp:term":[{"taxonomy":"product_brand","embeddable":true,"href":"https:\/\/seifen-oper.ch\/index.php?rest_route=%2Fwp%2Fv2%2Fproduct_brand&post=504"},{"taxonomy":"product_cat","embeddable":true,"href":"https:\/\/seifen-oper.ch\/index.php?rest_route=%2Fwp%2Fv2%2Fproduct_cat&post=504"},{"taxonomy":"product_tag","embeddable":true,"href":"https:\/\/seifen-oper.ch\/index.php?rest_route=%2Fwp%2Fv2%2Fproduct_tag&post=504"}],"curies":[{"name":"wp","href":"https:\/\/api.w.org\/{rel}","templated":true}]}}