{"id":4088,"date":"2024-09-09T19:22:34","date_gmt":"2024-09-09T17:22:34","guid":{"rendered":"https:\/\/seifen-oper.ch\/?post_type=product&#038;p=4088"},"modified":"2026-02-09T08:26:19","modified_gmt":"2026-02-09T07:26:19","slug":"ach-du-gruene-neue-seife","status":"publish","type":"product","link":"https:\/\/seifen-oper.ch\/?product=ach-du-gruene-neue-seife","title":{"rendered":"&#171;ach du gr\u00fcne Neune!&#187;- Seife"},"content":{"rendered":"<p>Diese gr\u00fcne Seife mit dem spritzig, frischen Duft von Pfingstrosen, Rhabarber und Minze ist ein erquickender Muntermacher f\u00fcr m\u00fcde Geister, Morgenmuffel und Miesepetra`s. <span class=\"Apple-converted-space\">\u00a0 <\/span>9 Sorten getrocknete Bl\u00e4tter von Kr\u00e4utern sorgen f\u00fcr ein anregendes &#8211; belebendes Peeling:<span class=\"Apple-converted-space\">\u00a0 <\/span>Salbei, Erdbeer, Himbeer, Brombeer, Minze, Frauenmantel, Rosen, Rhabarber und Hanf wurden daf\u00fcr von Hand geerntet, getrocknet und zu dieser befl\u00fcgelnden Seife verarbeitet.<\/p>\n<p>Pflegende \u00d6le machen diese \u201each du gr\u00fcne Neune\u201c wunderbar r\u00fcckfettend und pflegen Ihre Haut optimal. Diese handgefertigte, nat\u00fcrliche &amp; rein pflanzliche Seife, eignet sich f\u00fcr jeden Hauttypen<\/p>\n<p>Inhaltsstoffe: INCI: Cocos nucifera (Kokos\u00f6l), Aqua, Glycerine soja (Soja\u00f6l), Brassica campestris seed oil (Raps\u00f6l), Olea Europaea (Oliven\u00f6l), Sodium Hydroxide (NaOH),Salbeibl\u00e4tter, Erdbeerbl\u00e4tter, Himbeerbl\u00e4tter, Brombeerbl\u00e4tter, Frauenmantelbl\u00e4tter, Rosenbl\u00e4tter, Rhabarberbl\u00e4tter, Hanfbl\u00e4tter, Mentha Viridis Leaf (Minzbl\u00e4tter), Parf\u00fcm\u00f6l, \u00e4th. Minz\u00f6l,<span class=\"Apple-converted-space\">\u00a0 <\/span>E142 (gr\u00fcnes Farbpigment)<\/p>\n<p>100g \/ CHF 14.-<\/p>\n","protected":false},"excerpt":{"rendered":"<p>befl\u00fcgelnde Hand- und K\u00f6rperseife mit 9 Sorten von Hand geernteten, gr\u00fcnen Bl\u00e4ttern von Kr\u00e4utern<\/p>\n","protected":false},"featured_media":4089,"template":"","meta":[],"product_brand":[],"product_cat":[681,17],"product_tag":[471,466,470,459,457,460,468,400,60,179,195,463,458,55,196,455,464,130,465,451,174,469,462,461,456,54,467,359],"class_list":{"0":"post-4088","1":"product","2":"type-product","3":"status-publish","4":"has-post-thumbnail","6":"product_cat-fruehling","7":"product_cat-seifen","8":"product_tag-ach-du-gruene-neune","9":"product_tag-aeth-minzoel","10":"product_tag-befluegelnd","11":"product_tag-brombeerblaetter","12":"product_tag-erdbeerblaetter","13":"product_tag-frauenmantelblaetter","14":"product_tag-frischen-duft-von-pfingstrosen","15":"product_tag-gruen","16":"product_tag-handgefertigt","17":"product_tag-handgemacht","18":"product_tag-handseife","19":"product_tag-hanfblaetter","20":"product_tag-himbeerblaetter","21":"product_tag-kokosbutter","22":"product_tag-korperseife","23":"product_tag-kraeuter","24":"product_tag-mentha-viridis-leaf-minzblaetter","25":"product_tag-olivenoel","26":"product_tag-parfuemoel","27":"product_tag-pfingstrose","28":"product_tag-pflanzlich","29":"product_tag-rhabarber-minze","30":"product_tag-rhabarberblaetter","31":"product_tag-rosenblaetter","32":"product_tag-salbeiblaetter","33":"product_tag-seife","34":"product_tag-spritzig","35":"product_tag-wunderbar","37":"first","38":"instock","39":"shipping-taxable","40":"purchasable","41":"product-type-simple"},"yoast_head":"<!-- This site is optimized with the Yoast SEO plugin v25.6 - https:\/\/yoast.com\/wordpress\/plugins\/seo\/ -->\n<title>&quot;ach du gr\u00fcne Neune!&quot;- Seife - Seifen Oper GmbH<\/title>\n<meta name=\"robots\" content=\"index, follow, max-snippet:-1, max-image-preview:large, max-video-preview:-1\" \/>\n<link rel=\"canonical\" href=\"https:\/\/seifen-oper.ch\/?product=ach-du-gruene-neue-seife\" \/>\n<meta property=\"og:locale\" content=\"de_DE\" \/>\n<meta property=\"og:type\" content=\"article\" \/>\n<meta property=\"og:title\" content=\"&quot;ach du gr\u00fcne Neune!&quot;- Seife - Seifen Oper GmbH\" \/>\n<meta property=\"og:description\" content=\"befl\u00fcgelnde Hand- und K\u00f6rperseife mit 9 Sorten von Hand geernteten, gr\u00fcnen Bl\u00e4ttern von Kr\u00e4utern\" \/>\n<meta property=\"og:url\" content=\"https:\/\/seifen-oper.ch\/?product=ach-du-gruene-neue-seife\" \/>\n<meta property=\"og:site_name\" content=\"Seifen Oper GmbH\" \/>\n<meta property=\"article:publisher\" content=\"https:\/\/www.facebook.com\/SeifenOperGmbH\" \/>\n<meta property=\"article:modified_time\" content=\"2026-02-09T07:26:19+00:00\" \/>\n<meta property=\"og:image\" content=\"https:\/\/seifen-oper.ch\/wp-content\/uploads\/2024\/09\/IMG_3358.jpg\" \/>\n\t<meta property=\"og:image:width\" content=\"2340\" \/>\n\t<meta property=\"og:image:height\" content=\"2422\" \/>\n\t<meta property=\"og:image:type\" content=\"image\/jpeg\" \/>\n<meta name=\"twitter:card\" content=\"summary_large_image\" \/>\n<meta name=\"twitter:label1\" content=\"Gesch\u00e4tzte Lesezeit\" \/>\n\t<meta name=\"twitter:data1\" content=\"1 Minute\" \/>\n<script type=\"application\/ld+json\" class=\"yoast-schema-graph\">{\"@context\":\"https:\/\/schema.org\",\"@graph\":[{\"@type\":\"WebPage\",\"@id\":\"https:\/\/seifen-oper.ch\/?product=ach-du-gruene-neue-seife\",\"url\":\"https:\/\/seifen-oper.ch\/?product=ach-du-gruene-neue-seife\",\"name\":\"\\\"ach du gr\u00fcne Neune!\\\"- Seife - Seifen Oper GmbH\",\"isPartOf\":{\"@id\":\"https:\/\/seifen-oper.ch\/#website\"},\"primaryImageOfPage\":{\"@id\":\"https:\/\/seifen-oper.ch\/?product=ach-du-gruene-neue-seife#primaryimage\"},\"image\":{\"@id\":\"https:\/\/seifen-oper.ch\/?product=ach-du-gruene-neue-seife#primaryimage\"},\"thumbnailUrl\":\"https:\/\/seifen-oper.ch\/wp-content\/uploads\/2024\/09\/IMG_3358.jpg\",\"datePublished\":\"2024-09-09T17:22:34+00:00\",\"dateModified\":\"2026-02-09T07:26:19+00:00\",\"breadcrumb\":{\"@id\":\"https:\/\/seifen-oper.ch\/?product=ach-du-gruene-neue-seife#breadcrumb\"},\"inLanguage\":\"de-CH\",\"potentialAction\":[{\"@type\":\"ReadAction\",\"target\":[\"https:\/\/seifen-oper.ch\/?product=ach-du-gruene-neue-seife\"]}]},{\"@type\":\"ImageObject\",\"inLanguage\":\"de-CH\",\"@id\":\"https:\/\/seifen-oper.ch\/?product=ach-du-gruene-neue-seife#primaryimage\",\"url\":\"https:\/\/seifen-oper.ch\/wp-content\/uploads\/2024\/09\/IMG_3358.jpg\",\"contentUrl\":\"https:\/\/seifen-oper.ch\/wp-content\/uploads\/2024\/09\/IMG_3358.jpg\",\"width\":2340,\"height\":2422},{\"@type\":\"BreadcrumbList\",\"@id\":\"https:\/\/seifen-oper.ch\/?product=ach-du-gruene-neue-seife#breadcrumb\",\"itemListElement\":[{\"@type\":\"ListItem\",\"position\":1,\"name\":\"Home\",\"item\":\"https:\/\/seifen-oper.ch\/\"},{\"@type\":\"ListItem\",\"position\":2,\"name\":\"Shop\",\"item\":\"https:\/\/seifen-oper.ch\/?page_id=12\"},{\"@type\":\"ListItem\",\"position\":3,\"name\":\"&#171;ach du gr\u00fcne Neune!&#187;- Seife\"}]},{\"@type\":\"WebSite\",\"@id\":\"https:\/\/seifen-oper.ch\/#website\",\"url\":\"https:\/\/seifen-oper.ch\/\",\"name\":\"Seifen Oper GmbH\",\"description\":\"Kosmetik bester Qualit\u00e4t. Handgefertigt.\",\"publisher\":{\"@id\":\"https:\/\/seifen-oper.ch\/#organization\"},\"potentialAction\":[{\"@type\":\"SearchAction\",\"target\":{\"@type\":\"EntryPoint\",\"urlTemplate\":\"https:\/\/seifen-oper.ch\/?s={search_term_string}\"},\"query-input\":{\"@type\":\"PropertyValueSpecification\",\"valueRequired\":true,\"valueName\":\"search_term_string\"}}],\"inLanguage\":\"de-CH\"},{\"@type\":\"Organization\",\"@id\":\"https:\/\/seifen-oper.ch\/#organization\",\"name\":\"Seifen Oper GmbH\",\"url\":\"https:\/\/seifen-oper.ch\/\",\"logo\":{\"@type\":\"ImageObject\",\"inLanguage\":\"de-CH\",\"@id\":\"https:\/\/seifen-oper.ch\/#\/schema\/logo\/image\/\",\"url\":\"https:\/\/seifen-oper.ch\/wp-content\/uploads\/2019\/06\/logo.seifen-oper450.txt.1.png\",\"contentUrl\":\"https:\/\/seifen-oper.ch\/wp-content\/uploads\/2019\/06\/logo.seifen-oper450.txt.1.png\",\"width\":1835,\"height\":1635,\"caption\":\"Seifen Oper GmbH\"},\"image\":{\"@id\":\"https:\/\/seifen-oper.ch\/#\/schema\/logo\/image\/\"},\"sameAs\":[\"https:\/\/www.facebook.com\/SeifenOperGmbH\",\"https:\/\/www.instagram.com\/explore\/locations\/1028758197\/seifen-oper\/\"]}]}<\/script>\n<!-- \/ Yoast SEO plugin. -->","yoast_head_json":{"title":"\"ach du gr\u00fcne Neune!\"- Seife - Seifen Oper GmbH","robots":{"index":"index","follow":"follow","max-snippet":"max-snippet:-1","max-image-preview":"max-image-preview:large","max-video-preview":"max-video-preview:-1"},"canonical":"https:\/\/seifen-oper.ch\/?product=ach-du-gruene-neue-seife","og_locale":"de_DE","og_type":"article","og_title":"\"ach du gr\u00fcne Neune!\"- Seife - Seifen Oper GmbH","og_description":"befl\u00fcgelnde Hand- und K\u00f6rperseife mit 9 Sorten von Hand geernteten, gr\u00fcnen Bl\u00e4ttern von Kr\u00e4utern","og_url":"https:\/\/seifen-oper.ch\/?product=ach-du-gruene-neue-seife","og_site_name":"Seifen Oper GmbH","article_publisher":"https:\/\/www.facebook.com\/SeifenOperGmbH","article_modified_time":"2026-02-09T07:26:19+00:00","og_image":[{"width":2340,"height":2422,"url":"https:\/\/seifen-oper.ch\/wp-content\/uploads\/2024\/09\/IMG_3358.jpg","type":"image\/jpeg"}],"twitter_card":"summary_large_image","twitter_misc":{"Gesch\u00e4tzte Lesezeit":"1 Minute"},"schema":{"@context":"https:\/\/schema.org","@graph":[{"@type":"WebPage","@id":"https:\/\/seifen-oper.ch\/?product=ach-du-gruene-neue-seife","url":"https:\/\/seifen-oper.ch\/?product=ach-du-gruene-neue-seife","name":"\"ach du gr\u00fcne Neune!\"- Seife - Seifen Oper GmbH","isPartOf":{"@id":"https:\/\/seifen-oper.ch\/#website"},"primaryImageOfPage":{"@id":"https:\/\/seifen-oper.ch\/?product=ach-du-gruene-neue-seife#primaryimage"},"image":{"@id":"https:\/\/seifen-oper.ch\/?product=ach-du-gruene-neue-seife#primaryimage"},"thumbnailUrl":"https:\/\/seifen-oper.ch\/wp-content\/uploads\/2024\/09\/IMG_3358.jpg","datePublished":"2024-09-09T17:22:34+00:00","dateModified":"2026-02-09T07:26:19+00:00","breadcrumb":{"@id":"https:\/\/seifen-oper.ch\/?product=ach-du-gruene-neue-seife#breadcrumb"},"inLanguage":"de-CH","potentialAction":[{"@type":"ReadAction","target":["https:\/\/seifen-oper.ch\/?product=ach-du-gruene-neue-seife"]}]},{"@type":"ImageObject","inLanguage":"de-CH","@id":"https:\/\/seifen-oper.ch\/?product=ach-du-gruene-neue-seife#primaryimage","url":"https:\/\/seifen-oper.ch\/wp-content\/uploads\/2024\/09\/IMG_3358.jpg","contentUrl":"https:\/\/seifen-oper.ch\/wp-content\/uploads\/2024\/09\/IMG_3358.jpg","width":2340,"height":2422},{"@type":"BreadcrumbList","@id":"https:\/\/seifen-oper.ch\/?product=ach-du-gruene-neue-seife#breadcrumb","itemListElement":[{"@type":"ListItem","position":1,"name":"Home","item":"https:\/\/seifen-oper.ch\/"},{"@type":"ListItem","position":2,"name":"Shop","item":"https:\/\/seifen-oper.ch\/?page_id=12"},{"@type":"ListItem","position":3,"name":"&#171;ach du gr\u00fcne Neune!&#187;- Seife"}]},{"@type":"WebSite","@id":"https:\/\/seifen-oper.ch\/#website","url":"https:\/\/seifen-oper.ch\/","name":"Seifen Oper GmbH","description":"Kosmetik bester Qualit\u00e4t. Handgefertigt.","publisher":{"@id":"https:\/\/seifen-oper.ch\/#organization"},"potentialAction":[{"@type":"SearchAction","target":{"@type":"EntryPoint","urlTemplate":"https:\/\/seifen-oper.ch\/?s={search_term_string}"},"query-input":{"@type":"PropertyValueSpecification","valueRequired":true,"valueName":"search_term_string"}}],"inLanguage":"de-CH"},{"@type":"Organization","@id":"https:\/\/seifen-oper.ch\/#organization","name":"Seifen Oper GmbH","url":"https:\/\/seifen-oper.ch\/","logo":{"@type":"ImageObject","inLanguage":"de-CH","@id":"https:\/\/seifen-oper.ch\/#\/schema\/logo\/image\/","url":"https:\/\/seifen-oper.ch\/wp-content\/uploads\/2019\/06\/logo.seifen-oper450.txt.1.png","contentUrl":"https:\/\/seifen-oper.ch\/wp-content\/uploads\/2019\/06\/logo.seifen-oper450.txt.1.png","width":1835,"height":1635,"caption":"Seifen Oper GmbH"},"image":{"@id":"https:\/\/seifen-oper.ch\/#\/schema\/logo\/image\/"},"sameAs":["https:\/\/www.facebook.com\/SeifenOperGmbH","https:\/\/www.instagram.com\/explore\/locations\/1028758197\/seifen-oper\/"]}]}},"_links":{"self":[{"href":"https:\/\/seifen-oper.ch\/index.php?rest_route=\/wp\/v2\/product\/4088"}],"collection":[{"href":"https:\/\/seifen-oper.ch\/index.php?rest_route=\/wp\/v2\/product"}],"about":[{"href":"https:\/\/seifen-oper.ch\/index.php?rest_route=\/wp\/v2\/types\/product"}],"wp:featuredmedia":[{"embeddable":true,"href":"https:\/\/seifen-oper.ch\/index.php?rest_route=\/wp\/v2\/media\/4089"}],"wp:attachment":[{"href":"https:\/\/seifen-oper.ch\/index.php?rest_route=%2Fwp%2Fv2%2Fmedia&parent=4088"}],"wp:term":[{"taxonomy":"product_brand","embeddable":true,"href":"https:\/\/seifen-oper.ch\/index.php?rest_route=%2Fwp%2Fv2%2Fproduct_brand&post=4088"},{"taxonomy":"product_cat","embeddable":true,"href":"https:\/\/seifen-oper.ch\/index.php?rest_route=%2Fwp%2Fv2%2Fproduct_cat&post=4088"},{"taxonomy":"product_tag","embeddable":true,"href":"https:\/\/seifen-oper.ch\/index.php?rest_route=%2Fwp%2Fv2%2Fproduct_tag&post=4088"}],"curies":[{"name":"wp","href":"https:\/\/api.w.org\/{rel}","templated":true}]}}