{"id":3401,"date":"2021-05-02T19:59:44","date_gmt":"2021-05-02T17:59:44","guid":{"rendered":"https:\/\/seifen-oper.ch\/?post_type=product&#038;p=3401"},"modified":"2021-05-11T17:41:59","modified_gmt":"2021-05-11T15:41:59","slug":"viola-veilchenseife","status":"publish","type":"product","link":"https:\/\/seifen-oper.ch\/?product=viola-veilchenseife","title":{"rendered":"&#171;Viola&#187; Veilchenseife"},"content":{"rendered":"<p>Veilchen sind die h\u00fcbschen violetten Boten des Fr\u00fchlings. Wenn alles langsam wieder gr\u00fcn wird, bedecken sie den Boden mit h\u00fcbschen violetten Farbtupfern. Ihr lieblich, zarter Duft, ist ein Klassiker und begleitet die Dame von Welt schon seit je her.<span class=\"Apple-converted-space\">\u00a0<\/span><\/p>\n<p>Bis unser Veilchen-Mazerat (Veilchen-Oliven\u00f6l Auszug) gezogen, und die Seife gereift<span class=\"Apple-converted-space\">\u00a0 <\/span>und verkaufsfertig ist, ist der Lenz schon \u00fcber alle Berge. Die Seife erinnert uns aber immer an diese wunderbare Fr\u00fchlingszeit und macht so das ganze Jahr \u00fcber Freude. Ausserdem ist sie ein fein duftender Farbtupfer in jedem Badezimmer. Benutzen Sie unsere \u201eViola\u201c als Hand- und K\u00f6rperseife. Aus besten pflanzlichen \u00d6len (Kokos-, Oliven, -Raps\u00f6l) von Hand gefertigt, ist sie wunderbar r\u00fcckfettend. Vegan und OHNE Konservierungsstoffe, wie all unsere Seifen.<\/p>\n<p>100g \/ Sfr. 14.-<\/p>\n<p>INCI (Inhaltstoffe): Cocos Nucifera Oil (Kokosbutter), Glycine soja (Soja\u00f6l), Brassica campestris seed oil (Raps\u00f6l), Olea Europaea (Oliven\u00f6l), Viola Odorata Flower \/ Leaf Extract (Veilchen Auszug\/ Oliven\u00f6l-Mazerat) , Aqua (Wasser),Sodium Hydroxide (NaOH), CI51319 (rote Farbe) , CI74160 (blaue Farbe),Parf\u00fcm<\/p>\n","protected":false},"excerpt":{"rendered":"<p>Hand &#8211; und K\u00f6rperseife mit Veilchenduft<\/p>\n","protected":false},"featured_media":3418,"template":"","meta":[],"product_brand":[],"product_cat":[17],"product_tag":[179,312,65,130,61,308,311,310,309],"class_list":{"0":"post-3401","1":"product","2":"type-product","3":"status-publish","4":"has-post-thumbnail","6":"product_cat-seifen","7":"product_tag-handgemacht","8":"product_tag-handundkorperseife","9":"product_tag-kokosol","10":"product_tag-olivenoel","11":"product_tag-vegan","12":"product_tag-veilchen","13":"product_tag-veilchenduft","14":"product_tag-veilchenmazerat","15":"product_tag-veilchenseife","17":"first","18":"instock","19":"shipping-taxable","20":"purchasable","21":"product-type-simple"},"yoast_head":"<!-- This site is optimized with the Yoast SEO plugin v25.6 - https:\/\/yoast.com\/wordpress\/plugins\/seo\/ -->\n<title>&quot;Viola&quot; Veilchenseife - Seifen Oper GmbH<\/title>\n<meta name=\"robots\" content=\"index, follow, max-snippet:-1, max-image-preview:large, max-video-preview:-1\" \/>\n<link rel=\"canonical\" href=\"https:\/\/seifen-oper.ch\/?product=viola-veilchenseife\" \/>\n<meta property=\"og:locale\" content=\"de_DE\" \/>\n<meta property=\"og:type\" content=\"article\" \/>\n<meta property=\"og:title\" content=\"&quot;Viola&quot; Veilchenseife - Seifen Oper GmbH\" \/>\n<meta property=\"og:description\" content=\"Hand - und K\u00f6rperseife mit Veilchenduft\" \/>\n<meta property=\"og:url\" content=\"https:\/\/seifen-oper.ch\/?product=viola-veilchenseife\" \/>\n<meta property=\"og:site_name\" content=\"Seifen Oper GmbH\" \/>\n<meta property=\"article:publisher\" content=\"https:\/\/www.facebook.com\/SeifenOperGmbH\" \/>\n<meta property=\"article:modified_time\" content=\"2021-05-11T15:41:59+00:00\" \/>\n<meta property=\"og:image\" content=\"https:\/\/seifen-oper.ch\/wp-content\/uploads\/2021\/05\/viola.jpeg\" \/>\n\t<meta property=\"og:image:width\" content=\"1512\" \/>\n\t<meta property=\"og:image:height\" content=\"2016\" \/>\n\t<meta property=\"og:image:type\" content=\"image\/jpeg\" \/>\n<meta name=\"twitter:card\" content=\"summary_large_image\" \/>\n<meta name=\"twitter:label1\" content=\"Gesch\u00e4tzte Lesezeit\" \/>\n\t<meta name=\"twitter:data1\" content=\"1 Minute\" \/>\n<script type=\"application\/ld+json\" class=\"yoast-schema-graph\">{\"@context\":\"https:\/\/schema.org\",\"@graph\":[{\"@type\":\"WebPage\",\"@id\":\"https:\/\/seifen-oper.ch\/?product=viola-veilchenseife\",\"url\":\"https:\/\/seifen-oper.ch\/?product=viola-veilchenseife\",\"name\":\"\\\"Viola\\\" Veilchenseife - Seifen Oper GmbH\",\"isPartOf\":{\"@id\":\"https:\/\/seifen-oper.ch\/#website\"},\"primaryImageOfPage\":{\"@id\":\"https:\/\/seifen-oper.ch\/?product=viola-veilchenseife#primaryimage\"},\"image\":{\"@id\":\"https:\/\/seifen-oper.ch\/?product=viola-veilchenseife#primaryimage\"},\"thumbnailUrl\":\"https:\/\/seifen-oper.ch\/wp-content\/uploads\/2021\/05\/viola.jpeg\",\"datePublished\":\"2021-05-02T17:59:44+00:00\",\"dateModified\":\"2021-05-11T15:41:59+00:00\",\"breadcrumb\":{\"@id\":\"https:\/\/seifen-oper.ch\/?product=viola-veilchenseife#breadcrumb\"},\"inLanguage\":\"de-CH\",\"potentialAction\":[{\"@type\":\"ReadAction\",\"target\":[\"https:\/\/seifen-oper.ch\/?product=viola-veilchenseife\"]}]},{\"@type\":\"ImageObject\",\"inLanguage\":\"de-CH\",\"@id\":\"https:\/\/seifen-oper.ch\/?product=viola-veilchenseife#primaryimage\",\"url\":\"https:\/\/seifen-oper.ch\/wp-content\/uploads\/2021\/05\/viola.jpeg\",\"contentUrl\":\"https:\/\/seifen-oper.ch\/wp-content\/uploads\/2021\/05\/viola.jpeg\",\"width\":1512,\"height\":2016},{\"@type\":\"BreadcrumbList\",\"@id\":\"https:\/\/seifen-oper.ch\/?product=viola-veilchenseife#breadcrumb\",\"itemListElement\":[{\"@type\":\"ListItem\",\"position\":1,\"name\":\"Home\",\"item\":\"https:\/\/seifen-oper.ch\/\"},{\"@type\":\"ListItem\",\"position\":2,\"name\":\"Shop\",\"item\":\"https:\/\/seifen-oper.ch\/?page_id=12\"},{\"@type\":\"ListItem\",\"position\":3,\"name\":\"&#171;Viola&#187; Veilchenseife\"}]},{\"@type\":\"WebSite\",\"@id\":\"https:\/\/seifen-oper.ch\/#website\",\"url\":\"https:\/\/seifen-oper.ch\/\",\"name\":\"Seifen Oper GmbH\",\"description\":\"Kosmetik bester Qualit\u00e4t. Handgefertigt.\",\"publisher\":{\"@id\":\"https:\/\/seifen-oper.ch\/#organization\"},\"potentialAction\":[{\"@type\":\"SearchAction\",\"target\":{\"@type\":\"EntryPoint\",\"urlTemplate\":\"https:\/\/seifen-oper.ch\/?s={search_term_string}\"},\"query-input\":{\"@type\":\"PropertyValueSpecification\",\"valueRequired\":true,\"valueName\":\"search_term_string\"}}],\"inLanguage\":\"de-CH\"},{\"@type\":\"Organization\",\"@id\":\"https:\/\/seifen-oper.ch\/#organization\",\"name\":\"Seifen Oper GmbH\",\"url\":\"https:\/\/seifen-oper.ch\/\",\"logo\":{\"@type\":\"ImageObject\",\"inLanguage\":\"de-CH\",\"@id\":\"https:\/\/seifen-oper.ch\/#\/schema\/logo\/image\/\",\"url\":\"https:\/\/seifen-oper.ch\/wp-content\/uploads\/2019\/06\/logo.seifen-oper450.txt.1.png\",\"contentUrl\":\"https:\/\/seifen-oper.ch\/wp-content\/uploads\/2019\/06\/logo.seifen-oper450.txt.1.png\",\"width\":1835,\"height\":1635,\"caption\":\"Seifen Oper GmbH\"},\"image\":{\"@id\":\"https:\/\/seifen-oper.ch\/#\/schema\/logo\/image\/\"},\"sameAs\":[\"https:\/\/www.facebook.com\/SeifenOperGmbH\",\"https:\/\/www.instagram.com\/explore\/locations\/1028758197\/seifen-oper\/\"]}]}<\/script>\n<!-- \/ Yoast SEO plugin. -->","yoast_head_json":{"title":"\"Viola\" Veilchenseife - Seifen Oper GmbH","robots":{"index":"index","follow":"follow","max-snippet":"max-snippet:-1","max-image-preview":"max-image-preview:large","max-video-preview":"max-video-preview:-1"},"canonical":"https:\/\/seifen-oper.ch\/?product=viola-veilchenseife","og_locale":"de_DE","og_type":"article","og_title":"\"Viola\" Veilchenseife - Seifen Oper GmbH","og_description":"Hand - und K\u00f6rperseife mit Veilchenduft","og_url":"https:\/\/seifen-oper.ch\/?product=viola-veilchenseife","og_site_name":"Seifen Oper GmbH","article_publisher":"https:\/\/www.facebook.com\/SeifenOperGmbH","article_modified_time":"2021-05-11T15:41:59+00:00","og_image":[{"width":1512,"height":2016,"url":"https:\/\/seifen-oper.ch\/wp-content\/uploads\/2021\/05\/viola.jpeg","type":"image\/jpeg"}],"twitter_card":"summary_large_image","twitter_misc":{"Gesch\u00e4tzte Lesezeit":"1 Minute"},"schema":{"@context":"https:\/\/schema.org","@graph":[{"@type":"WebPage","@id":"https:\/\/seifen-oper.ch\/?product=viola-veilchenseife","url":"https:\/\/seifen-oper.ch\/?product=viola-veilchenseife","name":"\"Viola\" Veilchenseife - Seifen Oper GmbH","isPartOf":{"@id":"https:\/\/seifen-oper.ch\/#website"},"primaryImageOfPage":{"@id":"https:\/\/seifen-oper.ch\/?product=viola-veilchenseife#primaryimage"},"image":{"@id":"https:\/\/seifen-oper.ch\/?product=viola-veilchenseife#primaryimage"},"thumbnailUrl":"https:\/\/seifen-oper.ch\/wp-content\/uploads\/2021\/05\/viola.jpeg","datePublished":"2021-05-02T17:59:44+00:00","dateModified":"2021-05-11T15:41:59+00:00","breadcrumb":{"@id":"https:\/\/seifen-oper.ch\/?product=viola-veilchenseife#breadcrumb"},"inLanguage":"de-CH","potentialAction":[{"@type":"ReadAction","target":["https:\/\/seifen-oper.ch\/?product=viola-veilchenseife"]}]},{"@type":"ImageObject","inLanguage":"de-CH","@id":"https:\/\/seifen-oper.ch\/?product=viola-veilchenseife#primaryimage","url":"https:\/\/seifen-oper.ch\/wp-content\/uploads\/2021\/05\/viola.jpeg","contentUrl":"https:\/\/seifen-oper.ch\/wp-content\/uploads\/2021\/05\/viola.jpeg","width":1512,"height":2016},{"@type":"BreadcrumbList","@id":"https:\/\/seifen-oper.ch\/?product=viola-veilchenseife#breadcrumb","itemListElement":[{"@type":"ListItem","position":1,"name":"Home","item":"https:\/\/seifen-oper.ch\/"},{"@type":"ListItem","position":2,"name":"Shop","item":"https:\/\/seifen-oper.ch\/?page_id=12"},{"@type":"ListItem","position":3,"name":"&#171;Viola&#187; Veilchenseife"}]},{"@type":"WebSite","@id":"https:\/\/seifen-oper.ch\/#website","url":"https:\/\/seifen-oper.ch\/","name":"Seifen Oper GmbH","description":"Kosmetik bester Qualit\u00e4t. Handgefertigt.","publisher":{"@id":"https:\/\/seifen-oper.ch\/#organization"},"potentialAction":[{"@type":"SearchAction","target":{"@type":"EntryPoint","urlTemplate":"https:\/\/seifen-oper.ch\/?s={search_term_string}"},"query-input":{"@type":"PropertyValueSpecification","valueRequired":true,"valueName":"search_term_string"}}],"inLanguage":"de-CH"},{"@type":"Organization","@id":"https:\/\/seifen-oper.ch\/#organization","name":"Seifen Oper GmbH","url":"https:\/\/seifen-oper.ch\/","logo":{"@type":"ImageObject","inLanguage":"de-CH","@id":"https:\/\/seifen-oper.ch\/#\/schema\/logo\/image\/","url":"https:\/\/seifen-oper.ch\/wp-content\/uploads\/2019\/06\/logo.seifen-oper450.txt.1.png","contentUrl":"https:\/\/seifen-oper.ch\/wp-content\/uploads\/2019\/06\/logo.seifen-oper450.txt.1.png","width":1835,"height":1635,"caption":"Seifen Oper GmbH"},"image":{"@id":"https:\/\/seifen-oper.ch\/#\/schema\/logo\/image\/"},"sameAs":["https:\/\/www.facebook.com\/SeifenOperGmbH","https:\/\/www.instagram.com\/explore\/locations\/1028758197\/seifen-oper\/"]}]}},"_links":{"self":[{"href":"https:\/\/seifen-oper.ch\/index.php?rest_route=\/wp\/v2\/product\/3401"}],"collection":[{"href":"https:\/\/seifen-oper.ch\/index.php?rest_route=\/wp\/v2\/product"}],"about":[{"href":"https:\/\/seifen-oper.ch\/index.php?rest_route=\/wp\/v2\/types\/product"}],"wp:featuredmedia":[{"embeddable":true,"href":"https:\/\/seifen-oper.ch\/index.php?rest_route=\/wp\/v2\/media\/3418"}],"wp:attachment":[{"href":"https:\/\/seifen-oper.ch\/index.php?rest_route=%2Fwp%2Fv2%2Fmedia&parent=3401"}],"wp:term":[{"taxonomy":"product_brand","embeddable":true,"href":"https:\/\/seifen-oper.ch\/index.php?rest_route=%2Fwp%2Fv2%2Fproduct_brand&post=3401"},{"taxonomy":"product_cat","embeddable":true,"href":"https:\/\/seifen-oper.ch\/index.php?rest_route=%2Fwp%2Fv2%2Fproduct_cat&post=3401"},{"taxonomy":"product_tag","embeddable":true,"href":"https:\/\/seifen-oper.ch\/index.php?rest_route=%2Fwp%2Fv2%2Fproduct_tag&post=3401"}],"curies":[{"name":"wp","href":"https:\/\/api.w.org\/{rel}","templated":true}]}}