{"id":311,"date":"2019-06-17T11:37:05","date_gmt":"2019-06-17T11:37:05","guid":{"rendered":"https:\/\/seifen-oper.ch\/?product=tollkuhner-kavalier-herrencreme"},"modified":"2021-05-13T18:49:24","modified_gmt":"2021-05-13T16:49:24","slug":"tollkuhner-kavalier-herrencreme","status":"publish","type":"product","link":"https:\/\/seifen-oper.ch\/?product=tollkuhner-kavalier-herrencreme","title":{"rendered":"&#171;tollk\u00fchner Kavalier&#187;-Herrencreme"},"content":{"rendered":"<p style=\"text-align: center;\"><span style=\"color: #888888;\">Endlich ist sie da! Unsere Rundumcreme f\u00fcr Herren! Diese herrlich belebende Creme, basierend auf einem Auszug von Gartenminze, Peterli und Salbei, ist geeignet f\u00fcr jeden Hauttyp und pflegt Sie optimal mit wertvollem Avocado\u00f6l. Verwenden Sie sie nach der Rasur im Gesicht oder f\u00fcr den K\u00f6rper. Der dezente Duft von Bergamotte und Grapefruit ist niemals aufdringlich und verleiht Ihnen eine erquickende Frische. Mit dieser Creme werden Sie die Damenwelt verz\u00fccken und mit einer gepflegten Haut beeindrucken.<\/span><\/p>\n<p style=\"text-align: center;\"><span style=\"color: #888888;\">Inhaltsstoffe: INCI: Aqua-Auszug aus:\u00a0Lavandula (Lavendel), Thymus vulgaris (Thymian),\u00a0\u00a0Mentha arvensis (Gartenminze), Salviae (Salbei)- ,\u00a0Persea Gratissima Oil (Avocado\u00f6l),\u00a0Glycine soja\u00a0(Soja\u00f6l),\u00a0Alcohol,\u00a0Methylparaben,\u00a0Propylparaben, Aqua purificata,\u00a0Cetyl Alcohol,\u00a0Ceteareth-6,\u00a0Sodium Cetearyl Sulfate,\u00a0Arachis hypogaea,\u00a0Citrus Aurantium bergamia (\u00e4th. Bergamotte\u00f6l), \u2028Grapefruitparf\u00fcm\u00f6l<\/span><\/p>\n<p style=\"text-align: center;\"><span style=\"color: #888888;\">100ml \/ Sfr. 25.-<\/span><\/p>\n","protected":false},"excerpt":{"rendered":"<p>Herrencreme f\u00fcr Gesicht und K\u00f6rper mit erfrischendem Grapefruit-Bergamotteduft.<\/p>\n","protected":false},"featured_media":1814,"template":"","meta":[],"product_brand":[],"product_cat":[24],"product_tag":[],"class_list":{"0":"post-311","1":"product","2":"type-product","3":"status-publish","4":"has-post-thumbnail","6":"product_cat-herren","8":"first","9":"instock","10":"shipping-taxable","11":"purchasable","12":"product-type-simple"},"yoast_head":"<!-- This site is optimized with the Yoast SEO plugin v25.6 - https:\/\/yoast.com\/wordpress\/plugins\/seo\/ -->\n<title>&quot;tollk\u00fchner Kavalier&quot;-Herrencreme - Seifen Oper GmbH<\/title>\n<meta name=\"robots\" content=\"index, follow, max-snippet:-1, max-image-preview:large, max-video-preview:-1\" \/>\n<link rel=\"canonical\" href=\"https:\/\/seifen-oper.ch\/?product=tollkuhner-kavalier-herrencreme\" \/>\n<meta property=\"og:locale\" content=\"de_DE\" \/>\n<meta property=\"og:type\" content=\"article\" \/>\n<meta property=\"og:title\" content=\"&quot;tollk\u00fchner Kavalier&quot;-Herrencreme - Seifen Oper GmbH\" \/>\n<meta property=\"og:description\" content=\"Herrencreme f\u00fcr Gesicht und K\u00f6rper mit erfrischendem Grapefruit-Bergamotteduft.\" \/>\n<meta property=\"og:url\" content=\"https:\/\/seifen-oper.ch\/?product=tollkuhner-kavalier-herrencreme\" \/>\n<meta property=\"og:site_name\" content=\"Seifen Oper GmbH\" \/>\n<meta property=\"article:publisher\" content=\"https:\/\/www.facebook.com\/SeifenOperGmbH\" \/>\n<meta property=\"article:modified_time\" content=\"2021-05-13T16:49:24+00:00\" \/>\n<meta property=\"og:image\" content=\"https:\/\/seifen-oper.ch\/wp-content\/uploads\/2019\/06\/Tollk\u00fchner-Kavalier-Foto-854x1024.png\" \/>\n\t<meta property=\"og:image:width\" content=\"854\" \/>\n\t<meta property=\"og:image:height\" content=\"1024\" \/>\n\t<meta property=\"og:image:type\" content=\"image\/png\" \/>\n<meta name=\"twitter:card\" content=\"summary_large_image\" \/>\n<meta name=\"twitter:label1\" content=\"Gesch\u00e4tzte Lesezeit\" \/>\n\t<meta name=\"twitter:data1\" content=\"1 Minute\" \/>\n<script type=\"application\/ld+json\" class=\"yoast-schema-graph\">{\"@context\":\"https:\/\/schema.org\",\"@graph\":[{\"@type\":\"WebPage\",\"@id\":\"https:\/\/seifen-oper.ch\/?product=tollkuhner-kavalier-herrencreme\",\"url\":\"https:\/\/seifen-oper.ch\/?product=tollkuhner-kavalier-herrencreme\",\"name\":\"\\\"tollk\u00fchner Kavalier\\\"-Herrencreme - Seifen Oper GmbH\",\"isPartOf\":{\"@id\":\"https:\/\/seifen-oper.ch\/#website\"},\"primaryImageOfPage\":{\"@id\":\"https:\/\/seifen-oper.ch\/?product=tollkuhner-kavalier-herrencreme#primaryimage\"},\"image\":{\"@id\":\"https:\/\/seifen-oper.ch\/?product=tollkuhner-kavalier-herrencreme#primaryimage\"},\"thumbnailUrl\":\"https:\/\/seifen-oper.ch\/wp-content\/uploads\/2019\/06\/Tollk\u00fchner-Kavalier-Foto.png\",\"datePublished\":\"2019-06-17T11:37:05+00:00\",\"dateModified\":\"2021-05-13T16:49:24+00:00\",\"breadcrumb\":{\"@id\":\"https:\/\/seifen-oper.ch\/?product=tollkuhner-kavalier-herrencreme#breadcrumb\"},\"inLanguage\":\"de-CH\",\"potentialAction\":[{\"@type\":\"ReadAction\",\"target\":[\"https:\/\/seifen-oper.ch\/?product=tollkuhner-kavalier-herrencreme\"]}]},{\"@type\":\"ImageObject\",\"inLanguage\":\"de-CH\",\"@id\":\"https:\/\/seifen-oper.ch\/?product=tollkuhner-kavalier-herrencreme#primaryimage\",\"url\":\"https:\/\/seifen-oper.ch\/wp-content\/uploads\/2019\/06\/Tollk\u00fchner-Kavalier-Foto.png\",\"contentUrl\":\"https:\/\/seifen-oper.ch\/wp-content\/uploads\/2019\/06\/Tollk\u00fchner-Kavalier-Foto.png\",\"width\":1169,\"height\":1402},{\"@type\":\"BreadcrumbList\",\"@id\":\"https:\/\/seifen-oper.ch\/?product=tollkuhner-kavalier-herrencreme#breadcrumb\",\"itemListElement\":[{\"@type\":\"ListItem\",\"position\":1,\"name\":\"Home\",\"item\":\"https:\/\/seifen-oper.ch\/\"},{\"@type\":\"ListItem\",\"position\":2,\"name\":\"Shop\",\"item\":\"https:\/\/seifen-oper.ch\/?page_id=12\"},{\"@type\":\"ListItem\",\"position\":3,\"name\":\"&#171;tollk\u00fchner Kavalier&#187;-Herrencreme\"}]},{\"@type\":\"WebSite\",\"@id\":\"https:\/\/seifen-oper.ch\/#website\",\"url\":\"https:\/\/seifen-oper.ch\/\",\"name\":\"Seifen Oper GmbH\",\"description\":\"Kosmetik bester Qualit\u00e4t. Handgefertigt.\",\"publisher\":{\"@id\":\"https:\/\/seifen-oper.ch\/#organization\"},\"potentialAction\":[{\"@type\":\"SearchAction\",\"target\":{\"@type\":\"EntryPoint\",\"urlTemplate\":\"https:\/\/seifen-oper.ch\/?s={search_term_string}\"},\"query-input\":{\"@type\":\"PropertyValueSpecification\",\"valueRequired\":true,\"valueName\":\"search_term_string\"}}],\"inLanguage\":\"de-CH\"},{\"@type\":\"Organization\",\"@id\":\"https:\/\/seifen-oper.ch\/#organization\",\"name\":\"Seifen Oper GmbH\",\"url\":\"https:\/\/seifen-oper.ch\/\",\"logo\":{\"@type\":\"ImageObject\",\"inLanguage\":\"de-CH\",\"@id\":\"https:\/\/seifen-oper.ch\/#\/schema\/logo\/image\/\",\"url\":\"https:\/\/seifen-oper.ch\/wp-content\/uploads\/2019\/06\/logo.seifen-oper450.txt.1.png\",\"contentUrl\":\"https:\/\/seifen-oper.ch\/wp-content\/uploads\/2019\/06\/logo.seifen-oper450.txt.1.png\",\"width\":1835,\"height\":1635,\"caption\":\"Seifen Oper GmbH\"},\"image\":{\"@id\":\"https:\/\/seifen-oper.ch\/#\/schema\/logo\/image\/\"},\"sameAs\":[\"https:\/\/www.facebook.com\/SeifenOperGmbH\",\"https:\/\/www.instagram.com\/explore\/locations\/1028758197\/seifen-oper\/\"]}]}<\/script>\n<!-- \/ Yoast SEO plugin. -->","yoast_head_json":{"title":"\"tollk\u00fchner Kavalier\"-Herrencreme - Seifen Oper GmbH","robots":{"index":"index","follow":"follow","max-snippet":"max-snippet:-1","max-image-preview":"max-image-preview:large","max-video-preview":"max-video-preview:-1"},"canonical":"https:\/\/seifen-oper.ch\/?product=tollkuhner-kavalier-herrencreme","og_locale":"de_DE","og_type":"article","og_title":"\"tollk\u00fchner Kavalier\"-Herrencreme - Seifen Oper GmbH","og_description":"Herrencreme f\u00fcr Gesicht und K\u00f6rper mit erfrischendem Grapefruit-Bergamotteduft.","og_url":"https:\/\/seifen-oper.ch\/?product=tollkuhner-kavalier-herrencreme","og_site_name":"Seifen Oper GmbH","article_publisher":"https:\/\/www.facebook.com\/SeifenOperGmbH","article_modified_time":"2021-05-13T16:49:24+00:00","og_image":[{"width":854,"height":1024,"url":"https:\/\/seifen-oper.ch\/wp-content\/uploads\/2019\/06\/Tollk\u00fchner-Kavalier-Foto-854x1024.png","type":"image\/png"}],"twitter_card":"summary_large_image","twitter_misc":{"Gesch\u00e4tzte Lesezeit":"1 Minute"},"schema":{"@context":"https:\/\/schema.org","@graph":[{"@type":"WebPage","@id":"https:\/\/seifen-oper.ch\/?product=tollkuhner-kavalier-herrencreme","url":"https:\/\/seifen-oper.ch\/?product=tollkuhner-kavalier-herrencreme","name":"\"tollk\u00fchner Kavalier\"-Herrencreme - Seifen Oper GmbH","isPartOf":{"@id":"https:\/\/seifen-oper.ch\/#website"},"primaryImageOfPage":{"@id":"https:\/\/seifen-oper.ch\/?product=tollkuhner-kavalier-herrencreme#primaryimage"},"image":{"@id":"https:\/\/seifen-oper.ch\/?product=tollkuhner-kavalier-herrencreme#primaryimage"},"thumbnailUrl":"https:\/\/seifen-oper.ch\/wp-content\/uploads\/2019\/06\/Tollk\u00fchner-Kavalier-Foto.png","datePublished":"2019-06-17T11:37:05+00:00","dateModified":"2021-05-13T16:49:24+00:00","breadcrumb":{"@id":"https:\/\/seifen-oper.ch\/?product=tollkuhner-kavalier-herrencreme#breadcrumb"},"inLanguage":"de-CH","potentialAction":[{"@type":"ReadAction","target":["https:\/\/seifen-oper.ch\/?product=tollkuhner-kavalier-herrencreme"]}]},{"@type":"ImageObject","inLanguage":"de-CH","@id":"https:\/\/seifen-oper.ch\/?product=tollkuhner-kavalier-herrencreme#primaryimage","url":"https:\/\/seifen-oper.ch\/wp-content\/uploads\/2019\/06\/Tollk\u00fchner-Kavalier-Foto.png","contentUrl":"https:\/\/seifen-oper.ch\/wp-content\/uploads\/2019\/06\/Tollk\u00fchner-Kavalier-Foto.png","width":1169,"height":1402},{"@type":"BreadcrumbList","@id":"https:\/\/seifen-oper.ch\/?product=tollkuhner-kavalier-herrencreme#breadcrumb","itemListElement":[{"@type":"ListItem","position":1,"name":"Home","item":"https:\/\/seifen-oper.ch\/"},{"@type":"ListItem","position":2,"name":"Shop","item":"https:\/\/seifen-oper.ch\/?page_id=12"},{"@type":"ListItem","position":3,"name":"&#171;tollk\u00fchner Kavalier&#187;-Herrencreme"}]},{"@type":"WebSite","@id":"https:\/\/seifen-oper.ch\/#website","url":"https:\/\/seifen-oper.ch\/","name":"Seifen Oper GmbH","description":"Kosmetik bester Qualit\u00e4t. Handgefertigt.","publisher":{"@id":"https:\/\/seifen-oper.ch\/#organization"},"potentialAction":[{"@type":"SearchAction","target":{"@type":"EntryPoint","urlTemplate":"https:\/\/seifen-oper.ch\/?s={search_term_string}"},"query-input":{"@type":"PropertyValueSpecification","valueRequired":true,"valueName":"search_term_string"}}],"inLanguage":"de-CH"},{"@type":"Organization","@id":"https:\/\/seifen-oper.ch\/#organization","name":"Seifen Oper GmbH","url":"https:\/\/seifen-oper.ch\/","logo":{"@type":"ImageObject","inLanguage":"de-CH","@id":"https:\/\/seifen-oper.ch\/#\/schema\/logo\/image\/","url":"https:\/\/seifen-oper.ch\/wp-content\/uploads\/2019\/06\/logo.seifen-oper450.txt.1.png","contentUrl":"https:\/\/seifen-oper.ch\/wp-content\/uploads\/2019\/06\/logo.seifen-oper450.txt.1.png","width":1835,"height":1635,"caption":"Seifen Oper GmbH"},"image":{"@id":"https:\/\/seifen-oper.ch\/#\/schema\/logo\/image\/"},"sameAs":["https:\/\/www.facebook.com\/SeifenOperGmbH","https:\/\/www.instagram.com\/explore\/locations\/1028758197\/seifen-oper\/"]}]}},"_links":{"self":[{"href":"https:\/\/seifen-oper.ch\/index.php?rest_route=\/wp\/v2\/product\/311"}],"collection":[{"href":"https:\/\/seifen-oper.ch\/index.php?rest_route=\/wp\/v2\/product"}],"about":[{"href":"https:\/\/seifen-oper.ch\/index.php?rest_route=\/wp\/v2\/types\/product"}],"wp:featuredmedia":[{"embeddable":true,"href":"https:\/\/seifen-oper.ch\/index.php?rest_route=\/wp\/v2\/media\/1814"}],"wp:attachment":[{"href":"https:\/\/seifen-oper.ch\/index.php?rest_route=%2Fwp%2Fv2%2Fmedia&parent=311"}],"wp:term":[{"taxonomy":"product_brand","embeddable":true,"href":"https:\/\/seifen-oper.ch\/index.php?rest_route=%2Fwp%2Fv2%2Fproduct_brand&post=311"},{"taxonomy":"product_cat","embeddable":true,"href":"https:\/\/seifen-oper.ch\/index.php?rest_route=%2Fwp%2Fv2%2Fproduct_cat&post=311"},{"taxonomy":"product_tag","embeddable":true,"href":"https:\/\/seifen-oper.ch\/index.php?rest_route=%2Fwp%2Fv2%2Fproduct_tag&post=311"}],"curies":[{"name":"wp","href":"https:\/\/api.w.org\/{rel}","templated":true}]}}