{"id":1087,"date":"2019-06-17T11:38:49","date_gmt":"2019-06-17T11:38:49","guid":{"rendered":"https:\/\/seifen-oper.ch\/?product=haar-tastisch-pflegespray-fur-die-haare"},"modified":"2021-03-04T00:36:55","modified_gmt":"2021-03-03T23:36:55","slug":"haar-tastisch-pflegespray-fur-die-haare","status":"publish","type":"product","link":"https:\/\/seifen-oper.ch\/?product=haar-tastisch-pflegespray-fur-die-haare","title":{"rendered":"&#171;Haar-tastisch&#187; Pflegespray f\u00fcr die Haare"},"content":{"rendered":"<p style=\"text-align: center;\">Dieser exzellente Pflegespray macht die Haare mit ausschliesslich nat\u00fcrlichen Inhaltsstoffen unglaublich weich und gepflegt. Auch f\u00fcr die Kopfhaut ist er ideal. Er k\u00fchlt, belebt und zieht unglaublich schnell ein. Aloe Vera revitalisiert spr\u00f6des Haar und gibt ihm neuen Glanz. Es hat auch einen positiven Effekt auf trockene, schuppige Kopfhaut. Es wirkt durchblutungsf\u00f6rdernd, wodurch die Haarwurzel gest\u00e4rkt wird. Haarwachstum wird aktiv unterst\u00fctzt und Juckreiz und Schuppenbildung verringert. Vitamin E erh\u00e4lt die Vitalit\u00e4t der Haare und st\u00e4rkt sie. Ausserdem beschleunigt es das Haarwachstum. Und der dezent fruchtig, frische Duft von Himbeeren macht einfach gute Laune \ud83d\ude42<\/p>\n<p style=\"text-align: center;\">100ml \/ Sfr. 22.-<\/p>\n<p style=\"text-align: center;\">Inhaltsstoffe: INCI: Aqua, Aloe Barbadensis Gel (Aloe Vera), Tocopherol (Vitamin E), Parf\u00fcm\u00f6l<\/p>\n","protected":false},"excerpt":{"rendered":"<p>Erfrischendes Pflegespray f\u00fcr die Haare ohne \u00d6l<\/p>\n","protected":false},"featured_media":1652,"template":"","meta":[],"product_brand":[],"product_cat":[19],"product_tag":[],"class_list":{"0":"post-1087","1":"product","2":"type-product","3":"status-publish","4":"has-post-thumbnail","6":"product_cat-haare","8":"first","9":"instock","10":"shipping-taxable","11":"purchasable","12":"product-type-simple"},"yoast_head":"<!-- This site is optimized with the Yoast SEO plugin v25.6 - https:\/\/yoast.com\/wordpress\/plugins\/seo\/ -->\n<title>&quot;Haar-tastisch&quot; Pflegespray f\u00fcr die Haare - Seifen Oper GmbH<\/title>\n<meta name=\"robots\" content=\"index, follow, max-snippet:-1, max-image-preview:large, max-video-preview:-1\" \/>\n<link rel=\"canonical\" href=\"https:\/\/seifen-oper.ch\/?product=haar-tastisch-pflegespray-fur-die-haare\" \/>\n<meta property=\"og:locale\" content=\"de_DE\" \/>\n<meta property=\"og:type\" content=\"article\" \/>\n<meta property=\"og:title\" content=\"&quot;Haar-tastisch&quot; Pflegespray f\u00fcr die Haare - Seifen Oper GmbH\" \/>\n<meta property=\"og:description\" content=\"Erfrischendes Pflegespray f\u00fcr die Haare ohne \u00d6l\" \/>\n<meta property=\"og:url\" content=\"https:\/\/seifen-oper.ch\/?product=haar-tastisch-pflegespray-fur-die-haare\" \/>\n<meta property=\"og:site_name\" content=\"Seifen Oper GmbH\" \/>\n<meta property=\"article:publisher\" content=\"https:\/\/www.facebook.com\/SeifenOperGmbH\" \/>\n<meta property=\"article:modified_time\" content=\"2021-03-03T23:36:55+00:00\" \/>\n<meta property=\"og:image\" content=\"https:\/\/seifen-oper.ch\/wp-content\/uploads\/2019\/06\/Haar-tastisch.png\" \/>\n\t<meta property=\"og:image:width\" content=\"939\" \/>\n\t<meta property=\"og:image:height\" content=\"1222\" \/>\n\t<meta property=\"og:image:type\" content=\"image\/png\" \/>\n<meta name=\"twitter:card\" content=\"summary_large_image\" \/>\n<meta name=\"twitter:label1\" content=\"Gesch\u00e4tzte Lesezeit\" \/>\n\t<meta name=\"twitter:data1\" content=\"1 Minute\" \/>\n<script type=\"application\/ld+json\" class=\"yoast-schema-graph\">{\"@context\":\"https:\/\/schema.org\",\"@graph\":[{\"@type\":\"WebPage\",\"@id\":\"https:\/\/seifen-oper.ch\/?product=haar-tastisch-pflegespray-fur-die-haare\",\"url\":\"https:\/\/seifen-oper.ch\/?product=haar-tastisch-pflegespray-fur-die-haare\",\"name\":\"\\\"Haar-tastisch\\\" Pflegespray f\u00fcr die Haare - Seifen Oper GmbH\",\"isPartOf\":{\"@id\":\"https:\/\/seifen-oper.ch\/#website\"},\"primaryImageOfPage\":{\"@id\":\"https:\/\/seifen-oper.ch\/?product=haar-tastisch-pflegespray-fur-die-haare#primaryimage\"},\"image\":{\"@id\":\"https:\/\/seifen-oper.ch\/?product=haar-tastisch-pflegespray-fur-die-haare#primaryimage\"},\"thumbnailUrl\":\"https:\/\/seifen-oper.ch\/wp-content\/uploads\/2019\/06\/Haar-tastisch.png\",\"datePublished\":\"2019-06-17T11:38:49+00:00\",\"dateModified\":\"2021-03-03T23:36:55+00:00\",\"breadcrumb\":{\"@id\":\"https:\/\/seifen-oper.ch\/?product=haar-tastisch-pflegespray-fur-die-haare#breadcrumb\"},\"inLanguage\":\"de-CH\",\"potentialAction\":[{\"@type\":\"ReadAction\",\"target\":[\"https:\/\/seifen-oper.ch\/?product=haar-tastisch-pflegespray-fur-die-haare\"]}]},{\"@type\":\"ImageObject\",\"inLanguage\":\"de-CH\",\"@id\":\"https:\/\/seifen-oper.ch\/?product=haar-tastisch-pflegespray-fur-die-haare#primaryimage\",\"url\":\"https:\/\/seifen-oper.ch\/wp-content\/uploads\/2019\/06\/Haar-tastisch.png\",\"contentUrl\":\"https:\/\/seifen-oper.ch\/wp-content\/uploads\/2019\/06\/Haar-tastisch.png\",\"width\":939,\"height\":1222},{\"@type\":\"BreadcrumbList\",\"@id\":\"https:\/\/seifen-oper.ch\/?product=haar-tastisch-pflegespray-fur-die-haare#breadcrumb\",\"itemListElement\":[{\"@type\":\"ListItem\",\"position\":1,\"name\":\"Home\",\"item\":\"https:\/\/seifen-oper.ch\/\"},{\"@type\":\"ListItem\",\"position\":2,\"name\":\"Shop\",\"item\":\"https:\/\/seifen-oper.ch\/?page_id=12\"},{\"@type\":\"ListItem\",\"position\":3,\"name\":\"&#171;Haar-tastisch&#187; Pflegespray f\u00fcr die Haare\"}]},{\"@type\":\"WebSite\",\"@id\":\"https:\/\/seifen-oper.ch\/#website\",\"url\":\"https:\/\/seifen-oper.ch\/\",\"name\":\"Seifen Oper GmbH\",\"description\":\"Kosmetik bester Qualit\u00e4t. Handgefertigt.\",\"publisher\":{\"@id\":\"https:\/\/seifen-oper.ch\/#organization\"},\"potentialAction\":[{\"@type\":\"SearchAction\",\"target\":{\"@type\":\"EntryPoint\",\"urlTemplate\":\"https:\/\/seifen-oper.ch\/?s={search_term_string}\"},\"query-input\":{\"@type\":\"PropertyValueSpecification\",\"valueRequired\":true,\"valueName\":\"search_term_string\"}}],\"inLanguage\":\"de-CH\"},{\"@type\":\"Organization\",\"@id\":\"https:\/\/seifen-oper.ch\/#organization\",\"name\":\"Seifen Oper GmbH\",\"url\":\"https:\/\/seifen-oper.ch\/\",\"logo\":{\"@type\":\"ImageObject\",\"inLanguage\":\"de-CH\",\"@id\":\"https:\/\/seifen-oper.ch\/#\/schema\/logo\/image\/\",\"url\":\"https:\/\/seifen-oper.ch\/wp-content\/uploads\/2019\/06\/logo.seifen-oper450.txt.1.png\",\"contentUrl\":\"https:\/\/seifen-oper.ch\/wp-content\/uploads\/2019\/06\/logo.seifen-oper450.txt.1.png\",\"width\":1835,\"height\":1635,\"caption\":\"Seifen Oper GmbH\"},\"image\":{\"@id\":\"https:\/\/seifen-oper.ch\/#\/schema\/logo\/image\/\"},\"sameAs\":[\"https:\/\/www.facebook.com\/SeifenOperGmbH\",\"https:\/\/www.instagram.com\/explore\/locations\/1028758197\/seifen-oper\/\"]}]}<\/script>\n<!-- \/ Yoast SEO plugin. -->","yoast_head_json":{"title":"\"Haar-tastisch\" Pflegespray f\u00fcr die Haare - Seifen Oper GmbH","robots":{"index":"index","follow":"follow","max-snippet":"max-snippet:-1","max-image-preview":"max-image-preview:large","max-video-preview":"max-video-preview:-1"},"canonical":"https:\/\/seifen-oper.ch\/?product=haar-tastisch-pflegespray-fur-die-haare","og_locale":"de_DE","og_type":"article","og_title":"\"Haar-tastisch\" Pflegespray f\u00fcr die Haare - Seifen Oper GmbH","og_description":"Erfrischendes Pflegespray f\u00fcr die Haare ohne \u00d6l","og_url":"https:\/\/seifen-oper.ch\/?product=haar-tastisch-pflegespray-fur-die-haare","og_site_name":"Seifen Oper GmbH","article_publisher":"https:\/\/www.facebook.com\/SeifenOperGmbH","article_modified_time":"2021-03-03T23:36:55+00:00","og_image":[{"width":939,"height":1222,"url":"https:\/\/seifen-oper.ch\/wp-content\/uploads\/2019\/06\/Haar-tastisch.png","type":"image\/png"}],"twitter_card":"summary_large_image","twitter_misc":{"Gesch\u00e4tzte Lesezeit":"1 Minute"},"schema":{"@context":"https:\/\/schema.org","@graph":[{"@type":"WebPage","@id":"https:\/\/seifen-oper.ch\/?product=haar-tastisch-pflegespray-fur-die-haare","url":"https:\/\/seifen-oper.ch\/?product=haar-tastisch-pflegespray-fur-die-haare","name":"\"Haar-tastisch\" Pflegespray f\u00fcr die Haare - Seifen Oper GmbH","isPartOf":{"@id":"https:\/\/seifen-oper.ch\/#website"},"primaryImageOfPage":{"@id":"https:\/\/seifen-oper.ch\/?product=haar-tastisch-pflegespray-fur-die-haare#primaryimage"},"image":{"@id":"https:\/\/seifen-oper.ch\/?product=haar-tastisch-pflegespray-fur-die-haare#primaryimage"},"thumbnailUrl":"https:\/\/seifen-oper.ch\/wp-content\/uploads\/2019\/06\/Haar-tastisch.png","datePublished":"2019-06-17T11:38:49+00:00","dateModified":"2021-03-03T23:36:55+00:00","breadcrumb":{"@id":"https:\/\/seifen-oper.ch\/?product=haar-tastisch-pflegespray-fur-die-haare#breadcrumb"},"inLanguage":"de-CH","potentialAction":[{"@type":"ReadAction","target":["https:\/\/seifen-oper.ch\/?product=haar-tastisch-pflegespray-fur-die-haare"]}]},{"@type":"ImageObject","inLanguage":"de-CH","@id":"https:\/\/seifen-oper.ch\/?product=haar-tastisch-pflegespray-fur-die-haare#primaryimage","url":"https:\/\/seifen-oper.ch\/wp-content\/uploads\/2019\/06\/Haar-tastisch.png","contentUrl":"https:\/\/seifen-oper.ch\/wp-content\/uploads\/2019\/06\/Haar-tastisch.png","width":939,"height":1222},{"@type":"BreadcrumbList","@id":"https:\/\/seifen-oper.ch\/?product=haar-tastisch-pflegespray-fur-die-haare#breadcrumb","itemListElement":[{"@type":"ListItem","position":1,"name":"Home","item":"https:\/\/seifen-oper.ch\/"},{"@type":"ListItem","position":2,"name":"Shop","item":"https:\/\/seifen-oper.ch\/?page_id=12"},{"@type":"ListItem","position":3,"name":"&#171;Haar-tastisch&#187; Pflegespray f\u00fcr die Haare"}]},{"@type":"WebSite","@id":"https:\/\/seifen-oper.ch\/#website","url":"https:\/\/seifen-oper.ch\/","name":"Seifen Oper GmbH","description":"Kosmetik bester Qualit\u00e4t. Handgefertigt.","publisher":{"@id":"https:\/\/seifen-oper.ch\/#organization"},"potentialAction":[{"@type":"SearchAction","target":{"@type":"EntryPoint","urlTemplate":"https:\/\/seifen-oper.ch\/?s={search_term_string}"},"query-input":{"@type":"PropertyValueSpecification","valueRequired":true,"valueName":"search_term_string"}}],"inLanguage":"de-CH"},{"@type":"Organization","@id":"https:\/\/seifen-oper.ch\/#organization","name":"Seifen Oper GmbH","url":"https:\/\/seifen-oper.ch\/","logo":{"@type":"ImageObject","inLanguage":"de-CH","@id":"https:\/\/seifen-oper.ch\/#\/schema\/logo\/image\/","url":"https:\/\/seifen-oper.ch\/wp-content\/uploads\/2019\/06\/logo.seifen-oper450.txt.1.png","contentUrl":"https:\/\/seifen-oper.ch\/wp-content\/uploads\/2019\/06\/logo.seifen-oper450.txt.1.png","width":1835,"height":1635,"caption":"Seifen Oper GmbH"},"image":{"@id":"https:\/\/seifen-oper.ch\/#\/schema\/logo\/image\/"},"sameAs":["https:\/\/www.facebook.com\/SeifenOperGmbH","https:\/\/www.instagram.com\/explore\/locations\/1028758197\/seifen-oper\/"]}]}},"_links":{"self":[{"href":"https:\/\/seifen-oper.ch\/index.php?rest_route=\/wp\/v2\/product\/1087"}],"collection":[{"href":"https:\/\/seifen-oper.ch\/index.php?rest_route=\/wp\/v2\/product"}],"about":[{"href":"https:\/\/seifen-oper.ch\/index.php?rest_route=\/wp\/v2\/types\/product"}],"wp:featuredmedia":[{"embeddable":true,"href":"https:\/\/seifen-oper.ch\/index.php?rest_route=\/wp\/v2\/media\/1652"}],"wp:attachment":[{"href":"https:\/\/seifen-oper.ch\/index.php?rest_route=%2Fwp%2Fv2%2Fmedia&parent=1087"}],"wp:term":[{"taxonomy":"product_brand","embeddable":true,"href":"https:\/\/seifen-oper.ch\/index.php?rest_route=%2Fwp%2Fv2%2Fproduct_brand&post=1087"},{"taxonomy":"product_cat","embeddable":true,"href":"https:\/\/seifen-oper.ch\/index.php?rest_route=%2Fwp%2Fv2%2Fproduct_cat&post=1087"},{"taxonomy":"product_tag","embeddable":true,"href":"https:\/\/seifen-oper.ch\/index.php?rest_route=%2Fwp%2Fv2%2Fproduct_tag&post=1087"}],"curies":[{"name":"wp","href":"https:\/\/api.w.org\/{rel}","templated":true}]}}