{"id":104,"date":"2019-06-17T11:36:48","date_gmt":"2019-06-17T11:36:48","guid":{"rendered":"https:\/\/seifen-oper.ch\/?product=vanilleol-klein"},"modified":"2019-10-04T12:22:11","modified_gmt":"2019-10-04T10:22:11","slug":"vanilleol-klein","status":"publish","type":"product","link":"https:\/\/seifen-oper.ch\/?product=vanilleol-klein","title":{"rendered":"&#171;Vanille\u00f6l&#187; klein"},"content":{"rendered":"<p style=\"text-align: center;\"><span style=\"color: #888888;\">Bestes Soja &amp; Traubenkern\u00f6l, verfeinert mit dem Duft von Vanille, welcher Ihnen ein L\u00e4cheln ins Gesicht zaubert. Vanille wirkt beruhigend und entspannend. Benutzen Sie es als K\u00f6rper\u00f6l, als Bade\u00f6l, als Massage\u00f6l, als zartes Parf\u00fcm oder um rauhe Haustellen wieder zart und geschmeidig zu machen. Ein Allesk\u00f6nner mit s\u00fcssem Vanilleduft.<\/span><\/p>\n<p style=\"text-align: center;\"><span style=\"color: #888888;\">\u00a0Inhaltsstoffe: INCI:\u00a0Glycine soja\u00a0(Soja\u00f6l),\u00a0Brassica campestris seed oil\u00a0(Raps\u00f6l), Vitis Vinifera Seed Oil (Traubenkern\u00f6l), Vanilleparf\u00fcm\u00f6l<\/span><\/p>\n<p style=\"text-align: center;\"><span style=\"color: #888888;\">100 ml \/ Sfr. 12.-<\/span><\/p>\n","protected":false},"excerpt":{"rendered":"<p>Hautpflege\u00f6l mit s\u00fcssem Vanilleduft<\/p>\n","protected":false},"featured_media":1771,"template":"","meta":[],"product_brand":[],"product_cat":[29,32],"product_tag":[],"class_list":{"0":"post-104","1":"product","2":"type-product","3":"status-publish","4":"has-post-thumbnail","6":"product_cat-hautpflegeole","7":"product_cat-badeole","9":"first","10":"instock","11":"shipping-taxable","12":"purchasable","13":"product-type-simple"},"yoast_head":"<!-- This site is optimized with the Yoast SEO plugin v25.6 - https:\/\/yoast.com\/wordpress\/plugins\/seo\/ -->\n<title>&quot;Vanille\u00f6l&quot; klein - Seifen Oper GmbH<\/title>\n<meta name=\"robots\" content=\"index, follow, max-snippet:-1, max-image-preview:large, max-video-preview:-1\" \/>\n<link rel=\"canonical\" href=\"https:\/\/seifen-oper.ch\/?product=vanilleol-klein\" \/>\n<meta property=\"og:locale\" content=\"de_DE\" \/>\n<meta property=\"og:type\" content=\"article\" \/>\n<meta property=\"og:title\" content=\"&quot;Vanille\u00f6l&quot; klein - Seifen Oper GmbH\" \/>\n<meta property=\"og:description\" content=\"Hautpflege\u00f6l mit s\u00fcssem Vanilleduft\" \/>\n<meta property=\"og:url\" content=\"https:\/\/seifen-oper.ch\/?product=vanilleol-klein\" \/>\n<meta property=\"og:site_name\" content=\"Seifen Oper GmbH\" \/>\n<meta property=\"article:publisher\" content=\"https:\/\/www.facebook.com\/SeifenOperGmbH\" \/>\n<meta property=\"article:modified_time\" content=\"2019-10-04T10:22:11+00:00\" \/>\n<meta property=\"og:image\" content=\"https:\/\/seifen-oper.ch\/wp-content\/uploads\/2019\/06\/Vanille\u00f6l-Foto-589x1024.png\" \/>\n\t<meta property=\"og:image:width\" content=\"589\" \/>\n\t<meta property=\"og:image:height\" content=\"1024\" \/>\n\t<meta property=\"og:image:type\" content=\"image\/png\" \/>\n<meta name=\"twitter:card\" content=\"summary_large_image\" \/>\n<script type=\"application\/ld+json\" class=\"yoast-schema-graph\">{\"@context\":\"https:\/\/schema.org\",\"@graph\":[{\"@type\":\"WebPage\",\"@id\":\"https:\/\/seifen-oper.ch\/?product=vanilleol-klein\",\"url\":\"https:\/\/seifen-oper.ch\/?product=vanilleol-klein\",\"name\":\"\\\"Vanille\u00f6l\\\" klein - Seifen Oper GmbH\",\"isPartOf\":{\"@id\":\"https:\/\/seifen-oper.ch\/#website\"},\"primaryImageOfPage\":{\"@id\":\"https:\/\/seifen-oper.ch\/?product=vanilleol-klein#primaryimage\"},\"image\":{\"@id\":\"https:\/\/seifen-oper.ch\/?product=vanilleol-klein#primaryimage\"},\"thumbnailUrl\":\"https:\/\/seifen-oper.ch\/wp-content\/uploads\/2019\/06\/Vanille\u00f6l-Foto.png\",\"datePublished\":\"2019-06-17T11:36:48+00:00\",\"dateModified\":\"2019-10-04T10:22:11+00:00\",\"breadcrumb\":{\"@id\":\"https:\/\/seifen-oper.ch\/?product=vanilleol-klein#breadcrumb\"},\"inLanguage\":\"de-CH\",\"potentialAction\":[{\"@type\":\"ReadAction\",\"target\":[\"https:\/\/seifen-oper.ch\/?product=vanilleol-klein\"]}]},{\"@type\":\"ImageObject\",\"inLanguage\":\"de-CH\",\"@id\":\"https:\/\/seifen-oper.ch\/?product=vanilleol-klein#primaryimage\",\"url\":\"https:\/\/seifen-oper.ch\/wp-content\/uploads\/2019\/06\/Vanille\u00f6l-Foto.png\",\"contentUrl\":\"https:\/\/seifen-oper.ch\/wp-content\/uploads\/2019\/06\/Vanille\u00f6l-Foto.png\",\"width\":1140,\"height\":1982,\"caption\":\"badezus\u00e4tze sllide\"},{\"@type\":\"BreadcrumbList\",\"@id\":\"https:\/\/seifen-oper.ch\/?product=vanilleol-klein#breadcrumb\",\"itemListElement\":[{\"@type\":\"ListItem\",\"position\":1,\"name\":\"Home\",\"item\":\"https:\/\/seifen-oper.ch\/\"},{\"@type\":\"ListItem\",\"position\":2,\"name\":\"Shop\",\"item\":\"https:\/\/seifen-oper.ch\/?page_id=12\"},{\"@type\":\"ListItem\",\"position\":3,\"name\":\"&#171;Vanille\u00f6l&#187; klein\"}]},{\"@type\":\"WebSite\",\"@id\":\"https:\/\/seifen-oper.ch\/#website\",\"url\":\"https:\/\/seifen-oper.ch\/\",\"name\":\"Seifen Oper GmbH\",\"description\":\"Kosmetik bester Qualit\u00e4t. Handgefertigt.\",\"publisher\":{\"@id\":\"https:\/\/seifen-oper.ch\/#organization\"},\"potentialAction\":[{\"@type\":\"SearchAction\",\"target\":{\"@type\":\"EntryPoint\",\"urlTemplate\":\"https:\/\/seifen-oper.ch\/?s={search_term_string}\"},\"query-input\":{\"@type\":\"PropertyValueSpecification\",\"valueRequired\":true,\"valueName\":\"search_term_string\"}}],\"inLanguage\":\"de-CH\"},{\"@type\":\"Organization\",\"@id\":\"https:\/\/seifen-oper.ch\/#organization\",\"name\":\"Seifen Oper GmbH\",\"url\":\"https:\/\/seifen-oper.ch\/\",\"logo\":{\"@type\":\"ImageObject\",\"inLanguage\":\"de-CH\",\"@id\":\"https:\/\/seifen-oper.ch\/#\/schema\/logo\/image\/\",\"url\":\"https:\/\/seifen-oper.ch\/wp-content\/uploads\/2019\/06\/logo.seifen-oper450.txt.1.png\",\"contentUrl\":\"https:\/\/seifen-oper.ch\/wp-content\/uploads\/2019\/06\/logo.seifen-oper450.txt.1.png\",\"width\":1835,\"height\":1635,\"caption\":\"Seifen Oper GmbH\"},\"image\":{\"@id\":\"https:\/\/seifen-oper.ch\/#\/schema\/logo\/image\/\"},\"sameAs\":[\"https:\/\/www.facebook.com\/SeifenOperGmbH\",\"https:\/\/www.instagram.com\/explore\/locations\/1028758197\/seifen-oper\/\"]}]}<\/script>\n<!-- \/ Yoast SEO plugin. -->","yoast_head_json":{"title":"\"Vanille\u00f6l\" klein - Seifen Oper GmbH","robots":{"index":"index","follow":"follow","max-snippet":"max-snippet:-1","max-image-preview":"max-image-preview:large","max-video-preview":"max-video-preview:-1"},"canonical":"https:\/\/seifen-oper.ch\/?product=vanilleol-klein","og_locale":"de_DE","og_type":"article","og_title":"\"Vanille\u00f6l\" klein - Seifen Oper GmbH","og_description":"Hautpflege\u00f6l mit s\u00fcssem Vanilleduft","og_url":"https:\/\/seifen-oper.ch\/?product=vanilleol-klein","og_site_name":"Seifen Oper GmbH","article_publisher":"https:\/\/www.facebook.com\/SeifenOperGmbH","article_modified_time":"2019-10-04T10:22:11+00:00","og_image":[{"width":589,"height":1024,"url":"https:\/\/seifen-oper.ch\/wp-content\/uploads\/2019\/06\/Vanille\u00f6l-Foto-589x1024.png","type":"image\/png"}],"twitter_card":"summary_large_image","schema":{"@context":"https:\/\/schema.org","@graph":[{"@type":"WebPage","@id":"https:\/\/seifen-oper.ch\/?product=vanilleol-klein","url":"https:\/\/seifen-oper.ch\/?product=vanilleol-klein","name":"\"Vanille\u00f6l\" klein - Seifen Oper GmbH","isPartOf":{"@id":"https:\/\/seifen-oper.ch\/#website"},"primaryImageOfPage":{"@id":"https:\/\/seifen-oper.ch\/?product=vanilleol-klein#primaryimage"},"image":{"@id":"https:\/\/seifen-oper.ch\/?product=vanilleol-klein#primaryimage"},"thumbnailUrl":"https:\/\/seifen-oper.ch\/wp-content\/uploads\/2019\/06\/Vanille\u00f6l-Foto.png","datePublished":"2019-06-17T11:36:48+00:00","dateModified":"2019-10-04T10:22:11+00:00","breadcrumb":{"@id":"https:\/\/seifen-oper.ch\/?product=vanilleol-klein#breadcrumb"},"inLanguage":"de-CH","potentialAction":[{"@type":"ReadAction","target":["https:\/\/seifen-oper.ch\/?product=vanilleol-klein"]}]},{"@type":"ImageObject","inLanguage":"de-CH","@id":"https:\/\/seifen-oper.ch\/?product=vanilleol-klein#primaryimage","url":"https:\/\/seifen-oper.ch\/wp-content\/uploads\/2019\/06\/Vanille\u00f6l-Foto.png","contentUrl":"https:\/\/seifen-oper.ch\/wp-content\/uploads\/2019\/06\/Vanille\u00f6l-Foto.png","width":1140,"height":1982,"caption":"badezus\u00e4tze sllide"},{"@type":"BreadcrumbList","@id":"https:\/\/seifen-oper.ch\/?product=vanilleol-klein#breadcrumb","itemListElement":[{"@type":"ListItem","position":1,"name":"Home","item":"https:\/\/seifen-oper.ch\/"},{"@type":"ListItem","position":2,"name":"Shop","item":"https:\/\/seifen-oper.ch\/?page_id=12"},{"@type":"ListItem","position":3,"name":"&#171;Vanille\u00f6l&#187; klein"}]},{"@type":"WebSite","@id":"https:\/\/seifen-oper.ch\/#website","url":"https:\/\/seifen-oper.ch\/","name":"Seifen Oper GmbH","description":"Kosmetik bester Qualit\u00e4t. Handgefertigt.","publisher":{"@id":"https:\/\/seifen-oper.ch\/#organization"},"potentialAction":[{"@type":"SearchAction","target":{"@type":"EntryPoint","urlTemplate":"https:\/\/seifen-oper.ch\/?s={search_term_string}"},"query-input":{"@type":"PropertyValueSpecification","valueRequired":true,"valueName":"search_term_string"}}],"inLanguage":"de-CH"},{"@type":"Organization","@id":"https:\/\/seifen-oper.ch\/#organization","name":"Seifen Oper GmbH","url":"https:\/\/seifen-oper.ch\/","logo":{"@type":"ImageObject","inLanguage":"de-CH","@id":"https:\/\/seifen-oper.ch\/#\/schema\/logo\/image\/","url":"https:\/\/seifen-oper.ch\/wp-content\/uploads\/2019\/06\/logo.seifen-oper450.txt.1.png","contentUrl":"https:\/\/seifen-oper.ch\/wp-content\/uploads\/2019\/06\/logo.seifen-oper450.txt.1.png","width":1835,"height":1635,"caption":"Seifen Oper GmbH"},"image":{"@id":"https:\/\/seifen-oper.ch\/#\/schema\/logo\/image\/"},"sameAs":["https:\/\/www.facebook.com\/SeifenOperGmbH","https:\/\/www.instagram.com\/explore\/locations\/1028758197\/seifen-oper\/"]}]}},"_links":{"self":[{"href":"https:\/\/seifen-oper.ch\/index.php?rest_route=\/wp\/v2\/product\/104"}],"collection":[{"href":"https:\/\/seifen-oper.ch\/index.php?rest_route=\/wp\/v2\/product"}],"about":[{"href":"https:\/\/seifen-oper.ch\/index.php?rest_route=\/wp\/v2\/types\/product"}],"wp:featuredmedia":[{"embeddable":true,"href":"https:\/\/seifen-oper.ch\/index.php?rest_route=\/wp\/v2\/media\/1771"}],"wp:attachment":[{"href":"https:\/\/seifen-oper.ch\/index.php?rest_route=%2Fwp%2Fv2%2Fmedia&parent=104"}],"wp:term":[{"taxonomy":"product_brand","embeddable":true,"href":"https:\/\/seifen-oper.ch\/index.php?rest_route=%2Fwp%2Fv2%2Fproduct_brand&post=104"},{"taxonomy":"product_cat","embeddable":true,"href":"https:\/\/seifen-oper.ch\/index.php?rest_route=%2Fwp%2Fv2%2Fproduct_cat&post=104"},{"taxonomy":"product_tag","embeddable":true,"href":"https:\/\/seifen-oper.ch\/index.php?rest_route=%2Fwp%2Fv2%2Fproduct_tag&post=104"}],"curies":[{"name":"wp","href":"https:\/\/api.w.org\/{rel}","templated":true}]}}